{"id":1404,"date":"2024-08-18T19:09:23","date_gmt":"2024-08-18T17:09:23","guid":{"rendered":"https:\/\/planetactus.com\/?post_type=aiovg_videos&#038;p=1404"},"modified":"2024-08-18T19:09:23","modified_gmt":"2024-08-18T17:09:23","slug":"le-cas-jean-migueres-le-cobaye-des-extraterrestres-replay-interview-de-1981-avec-richard-glenn","status":"publish","type":"aiovg_videos","link":"https:\/\/planetactus.com\/index.php\/video\/le-cas-jean-migueres-le-cobaye-des-extraterrestres-replay-interview-de-1981-avec-richard-glenn\/","title":{"rendered":"Le Cas Jean Migue\u0300res : Le Cobaye des EXTRATERRESTRES &#8211; Replay Interview de 1981 avec Richard Glenn"},"content":{"rendered":"<p><span class=\"yt-core-attributed-string yt-core-attributed-string--white-space-pre-wrap\" dir=\"auto\"><span class=\"yt-core-attributed-string--link-inherit-color\" dir=\"auto\"><strong>Une Vie Marqu\u00e9e par l&rsquo;Inexplicable<\/strong> : Jean Migu\u00e8res est n\u00e9 le 11 mai 1940 et il est d\u00e9c\u00e9d\u00e9 le 28 juillet 1992 \u00e0 l&rsquo;\u00e2ge de 52 ans. Le 11 ao\u00fbt 1969, il a \u00e9t\u00e9 victime d&rsquo;un terrible accident de voiture \u00e0 Saint-\u00c9tienne-du-Vauvray, en Normandie, alors qu&rsquo;il conduisait une ambulance. <strong>Cet accident, marqu\u00e9 par une collision frontale \u00e0 une vitesse estim\u00e9e \u00e0 plus de 300 km\/h, a \u00e9t\u00e9 un tournant d\u00e9cisif dans sa vie. Malgr\u00e9 la gravit\u00e9 de ses blessures, Jean a affirm\u00e9 avoir \u00e9t\u00e9 sauv\u00e9 par une intervention extraterrestre<\/strong>. Jean Migu\u00e8res a eu une carri\u00e8re diversifi\u00e9e avant de devenir une figure notable dans le domaine de l&rsquo;ufologie. Apr\u00e8s son accident et son exp\u00e9rience pr\u00e9tendue avec des extraterrestres. <strong>Jean Migu\u00e8res a \u00e9galement \u00e9crit plusieurs livres et a donn\u00e9 de nombreuses conf\u00e9rences \u00e0 travers le monde pour partager son histoire et les messages qu&rsquo;il a re\u00e7us, devenant ainsi un conf\u00e9rencier et une figure publique dans le domaine de l&rsquo;ufologie<\/strong>. Il a donn\u00e9 de nombreuses conf\u00e9rences<strong> \u00e0 travers le mond<\/strong>e, notamment \u00e0 La <strong>R\u00e9union<\/strong>, <strong>Montr\u00e9al<\/strong>, <strong>en Haute-Volta<\/strong>, en <strong>C\u00f4te d&rsquo;Ivoire<\/strong>, au S<strong>\u00e9n\u00e9gal et en Australie.<\/strong><\/span><\/span> Source : NUR\u00c9A TV &#8211; Au coeur de l&rsquo;inexpliqu\u00e9.<\/p>\n<p><span style=\"text-decoration: underline;\">Sur le m\u00eame sujet<\/span> :\u00a0 Enqu\u00eates d&rsquo;Investigations \ud83d\udd0e | Bernard de Montr\u00e9al<\/p>\n<p>\ud83d\udccd<a href=\"https:\/\/www.google.com\/search?client=firefox-b-d&amp;q=Le+Ph%C3%A9nom%C3%A8ne+Humain+Face+%C3%A0+l%27Extra-Terrestre\"><strong>Le Ph\u00e9nom\u00e8ne Humain Face \u00e0 l&rsquo;Extra-Terrestre<\/strong><\/a> (Complet) 1981 \ud83d\udc7d<\/p>\n<p>\ud83d\udccd<strong><a href=\"https:\/\/www.youtube.com\/watch?v=3-LFVXj3KxY\">Les Origines de l&rsquo;Homme<\/a> &#8211; Partie A<\/strong> \ud83d\udc68\u200d\ud83e\uddb0<\/p>\n<p>\ud83d\udccd<strong><a href=\"http:\/\/supramental.fr\/supramental_messages_video_2019.php?video=Le_Shen\">Le Shen<\/a> | NataRajan | Supramental<\/strong>. \ud83d\udcad<\/p>\n<p>\ud83d\udca1 <strong><a href=\"https:\/\/t.me\/ufo_planetactus_sightings\/1272\">Ces liens<\/a> vous permettront d\u2019en savoir plus sur ces sujets fascinants !<\/strong> \ud83e\ude90 \ud83e\uddd8\u200d\u2640\ufe0f \ud83e\uddd8<\/p>\n<p><span style=\"text-decoration: underline;\">Vous aimerez aussi<\/span>\u00a0 : <strong>Les t\u00e9moins d&rsquo;Outre-Mer : <a href=\"https:\/\/www.bing.com\/videos\/riverview\/relatedvideo?&amp;q=La+R%c3%a9union+%3a+Le+paille-en-queue+youtube&amp;&amp;mid=689C24F97689C9E206B0689C24F97689C9E206B0&amp;&amp;FORM=VRDGAR\">Le Paille-en-queue<\/a><\/strong> (La R\u00e9union)<\/p>\n<p><iframe  id=\"_ytid_46519\"  width=\"640\" height=\"360\"  data-origwidth=\"640\" data-origheight=\"360\" src=\"https:\/\/www.youtube.com\/embed\/BNZD0ZJO078?enablejsapi=1&#038;autoplay=0&#038;cc_load_policy=0&#038;cc_lang_pref=&#038;iv_load_policy=1&#038;loop=0&#038;rel=1&#038;fs=1&#038;playsinline=0&#038;autohide=2&#038;theme=dark&#038;color=red&#038;controls=1&#038;disablekb=0&#038;\" class=\"__youtube_prefs__  epyt-is-override  no-lazyload\" title=\"YouTube player\"  allow=\"fullscreen; accelerometer; autoplay; clipboard-write; encrypted-media; gyroscope; picture-in-picture; web-share\" referrerpolicy=\"strict-origin-when-cross-origin\" allowfullscreen data-no-lazy=\"1\" data-skipgform_ajax_framebjll=\"\"><\/iframe><\/p>\n<h1 class=\"style-scope ytd-watch-metadata\"><\/h1>\n<p>&nbsp;<\/p>\n<p>&nbsp;<\/p>\n<p>&nbsp;<\/p>\n<p>&nbsp;<\/p>\n<h1 class=\"dynamic-text-view-model-wiz__h1\" aria-label=\"\"><span class=\"yt-core-attributed-string yt-core-attributed-string--white-space-pre-wrap\" dir=\"auto\" role=\"text\">\u00a0<\/span><\/h1>\n<div class=\"gsp_post_data\" \r\n\t            data-post_type=\"aiovg_videos\" \r\n\t            data-cat=\"\" \r\n\t            data-modified=\"120\"\r\n\t            data-created=\"1724008163\"\r\n\t            data-title=\"Le Cas Jean Migue\u0300res : Le Cobaye des EXTRATERRESTRES &#8211; Replay Interview de 1981 avec Richard Glenn\" \r\n\t            data-home=\"https:\/\/planetactus.com\"><\/div>","protected":false},"excerpt":{"rendered":"<p>Une Vie Marqu\u00e9e par l&rsquo;Inexplicable : Jean Migu\u00e8res est n\u00e9 le 11 mai 1940 et il est d\u00e9c\u00e9d\u00e9 le 28 juillet 1992 \u00e0 l&rsquo;\u00e2ge de 52 ans. Le 11 ao\u00fbt 1969, il a \u00e9t\u00e9 victime d&rsquo;un terrible accident de voiture \u00e0 Saint-\u00c9tienne-du-Vauvray, en Normandie, alors qu&rsquo;il conduisait une ambulance. Cet accident, marqu\u00e9 par une collision [&hellip;]<\/p>\n","protected":false},"author":1,"comment_status":"open","ping_status":"closed","template":"","aiovg_categories":[9,44,51,55,42],"aiovg_tags":[],"class_list":["post-1404","aiovg_videos","type-aiovg_videos","status-publish","has-post-thumbnail","hentry","aiovg_categories-actualite-du-monde","aiovg_categories-enquete","aiovg_categories-eveil-et-spiritualite","aiovg_categories-exo-politiques","aiovg_categories-ufologie"],"yoast_head":"<!-- This site is optimized with the Yoast SEO plugin v27.5 - https:\/\/yoast.com\/product\/yoast-seo-wordpress\/ -->\n<title>Le Cas Jean Migue\u0300res : Le Cobaye des EXTRATERRESTRES - Replay Interview de 1981 avec Richard Glenn -<\/title>\n<meta name=\"description\" content=\"Le cas Jean Migue\u0300res : Le cobaye des EXTRATERRESTRES - Replay Interview de 1981 avec Richard Glenn\" class=\"yoast-seo-meta-tag\" \/>\n<meta name=\"robots\" content=\"index, follow, max-snippet:-1, max-image-preview:large, max-video-preview:-1\" \/>\n<link rel=\"canonical\" href=\"https:\/\/planetactus.com\/index.php\/video\/le-cas-jean-migueres-le-cobaye-des-extraterrestres-replay-interview-de-1981-avec-richard-glenn\/\" class=\"yoast-seo-meta-tag\" \/>\n<meta property=\"og:locale\" content=\"fr_FR\" class=\"yoast-seo-meta-tag\" \/>\n<meta property=\"og:type\" content=\"article\" class=\"yoast-seo-meta-tag\" \/>\n<meta property=\"og:title\" content=\"Le cas Jean Migue\u0300res : Le cobaye des EXTRATERRESTRES - Replay Interview de 1981 avec Richard Glenn\" class=\"yoast-seo-meta-tag\" \/>\n<meta property=\"og:description\" content=\"Le cas Jean Migue\u0300res : Le cobaye des EXTRATERRESTRES - Replay Interview de 1981 avec Richard Glenn\" class=\"yoast-seo-meta-tag\" \/>\n<meta property=\"og:url\" content=\"https:\/\/planetactus.com\/index.php\/video\/le-cas-jean-migueres-le-cobaye-des-extraterrestres-replay-interview-de-1981-avec-richard-glenn\/\" class=\"yoast-seo-meta-tag\" \/>\n<meta property=\"article:publisher\" content=\"https:\/\/www.facebook.com\/profile.php?id=61561620320740\" class=\"yoast-seo-meta-tag\" \/>\n<meta name=\"twitter:card\" content=\"summary_large_image\" class=\"yoast-seo-meta-tag\" \/>\n<meta name=\"twitter:title\" content=\"Le cas Jean Migue\u0300res : Le cobaye des EXTRATERRESTRES - Replay Interview de 1981 avec Richard Glenn\" class=\"yoast-seo-meta-tag\" \/>\n<meta name=\"twitter:site\" content=\"@PlanetActus\" class=\"yoast-seo-meta-tag\" \/>\n<meta name=\"twitter:label1\" content=\"Dur\u00e9e de lecture estim\u00e9e\" class=\"yoast-seo-meta-tag\" \/>\n\t<meta name=\"twitter:data1\" content=\"2 minutes\" class=\"yoast-seo-meta-tag\" \/>\n<script type=\"application\/ld+json\" class=\"yoast-schema-graph\">{\"@context\":\"https:\\\/\\\/schema.org\",\"@graph\":[{\"@type\":\"WebPage\",\"@id\":\"https:\\\/\\\/planetactus.com\\\/index.php\\\/video\\\/le-cas-jean-migueres-le-cobaye-des-extraterrestres-replay-interview-de-1981-avec-richard-glenn\\\/\",\"url\":\"https:\\\/\\\/planetactus.com\\\/index.php\\\/video\\\/le-cas-jean-migueres-le-cobaye-des-extraterrestres-replay-interview-de-1981-avec-richard-glenn\\\/\",\"name\":\"Le Cas Jean Migue\u0300res : Le Cobaye des EXTRATERRESTRES - Replay Interview de 1981 avec Richard Glenn -\",\"isPartOf\":{\"@id\":\"https:\\\/\\\/planetactus.com\\\/#website\"},\"datePublished\":\"2024-08-18T17:09:23+00:00\",\"description\":\"Le cas Jean Migue\u0300res : Le cobaye des EXTRATERRESTRES - Replay Interview de 1981 avec Richard Glenn\",\"breadcrumb\":{\"@id\":\"https:\\\/\\\/planetactus.com\\\/index.php\\\/video\\\/le-cas-jean-migueres-le-cobaye-des-extraterrestres-replay-interview-de-1981-avec-richard-glenn\\\/#breadcrumb\"},\"inLanguage\":\"fr-FR\",\"potentialAction\":[{\"@type\":\"ReadAction\",\"target\":[\"https:\\\/\\\/planetactus.com\\\/index.php\\\/video\\\/le-cas-jean-migueres-le-cobaye-des-extraterrestres-replay-interview-de-1981-avec-richard-glenn\\\/\"]}]},{\"@type\":\"BreadcrumbList\",\"@id\":\"https:\\\/\\\/planetactus.com\\\/index.php\\\/video\\\/le-cas-jean-migueres-le-cobaye-des-extraterrestres-replay-interview-de-1981-avec-richard-glenn\\\/#breadcrumb\",\"itemListElement\":[{\"@type\":\"ListItem\",\"position\":1,\"name\":\"Accueil\",\"item\":\"https:\\\/\\\/planetactus.com\\\/\"},{\"@type\":\"ListItem\",\"position\":2,\"name\":\"Videos\",\"item\":\"https:\\\/\\\/planetactus.com\\\/index.php\\\/video\\\/\"},{\"@type\":\"ListItem\",\"position\":3,\"name\":\"Le Cas Jean Migue\u0300res : Le Cobaye des EXTRATERRESTRES &#8211; Replay Interview de 1981 avec Richard Glenn\"}]},{\"@type\":\"WebSite\",\"@id\":\"https:\\\/\\\/planetactus.com\\\/#website\",\"url\":\"https:\\\/\\\/planetactus.com\\\/\",\"name\":\"PLANET ACTUS\",\"description\":\"PLANET ACTUS\",\"publisher\":{\"@id\":\"https:\\\/\\\/planetactus.com\\\/#\\\/schema\\\/person\\\/fbb75ac73a2424d2e176d31b021372a4\"},\"potentialAction\":[{\"@type\":\"SearchAction\",\"target\":{\"@type\":\"EntryPoint\",\"urlTemplate\":\"https:\\\/\\\/planetactus.com\\\/?s={search_term_string}\"},\"query-input\":{\"@type\":\"PropertyValueSpecification\",\"valueRequired\":true,\"valueName\":\"search_term_string\"}}],\"inLanguage\":\"fr-FR\"},{\"@type\":[\"Person\",\"Organization\"],\"@id\":\"https:\\\/\\\/planetactus.com\\\/#\\\/schema\\\/person\\\/fbb75ac73a2424d2e176d31b021372a4\",\"name\":\"planetactus.com\",\"image\":{\"@type\":\"ImageObject\",\"inLanguage\":\"fr-FR\",\"@id\":\"https:\\/\\/i0.wp.com\\/planetactus.com\\/wp-content\\/uploads\\/2024\\/07\\/cropped-2-Planet-Actus-Banniere-02a.jpg?fit=1189%2C365&ssl=1\",\"url\":\"https:\\/\\/i0.wp.com\\/planetactus.com\\/wp-content\\/uploads\\/2024\\/07\\/cropped-2-Planet-Actus-Banniere-02a.jpg?fit=1189%2C365&ssl=1\",\"contentUrl\":\"https:\\/\\/i0.wp.com\\/planetactus.com\\/wp-content\\/uploads\\/2024\\/07\\/cropped-2-Planet-Actus-Banniere-02a.jpg?fit=1189%2C365&ssl=1\",\"width\":1189,\"height\":365,\"caption\":\"planetactus.com\"},\"logo\":{\"@id\":\"https:\\/\\/i0.wp.com\\/planetactus.com\\/wp-content\\/uploads\\/2024\\/07\\/cropped-2-Planet-Actus-Banniere-02a.jpg?fit=1189%2C365&ssl=1\"},\"sameAs\":[\"http:\\\/\\\/planetactus.com\",\"https:\\\/\\\/www.facebook.com\\\/profile.php?id=61561620320740\",\"https:\\\/\\\/x.com\\\/https:\\\/\\\/x.com\\\/PlanetActus\",\"https:\\\/\\\/www.youtube.com\\\/@PlanetActus\"]}]}<\/script>\n<!-- \/ Yoast SEO plugin. -->","yoast_head_json":{"title":"Le Cas Jean Migue\u0300res : Le Cobaye des EXTRATERRESTRES - Replay Interview de 1981 avec Richard Glenn -","description":"Le cas Jean Migue\u0300res : Le cobaye des EXTRATERRESTRES - Replay Interview de 1981 avec Richard Glenn","robots":{"index":"index","follow":"follow","max-snippet":"max-snippet:-1","max-image-preview":"max-image-preview:large","max-video-preview":"max-video-preview:-1"},"canonical":"https:\/\/planetactus.com\/index.php\/video\/le-cas-jean-migueres-le-cobaye-des-extraterrestres-replay-interview-de-1981-avec-richard-glenn\/","og_locale":"fr_FR","og_type":"article","og_title":"Le cas Jean Migue\u0300res : Le cobaye des EXTRATERRESTRES - Replay Interview de 1981 avec Richard Glenn","og_description":"Le cas Jean Migue\u0300res : Le cobaye des EXTRATERRESTRES - Replay Interview de 1981 avec Richard Glenn","og_url":"https:\/\/planetactus.com\/index.php\/video\/le-cas-jean-migueres-le-cobaye-des-extraterrestres-replay-interview-de-1981-avec-richard-glenn\/","article_publisher":"https:\/\/www.facebook.com\/profile.php?id=61561620320740","twitter_card":"summary_large_image","twitter_title":"Le cas Jean Migue\u0300res : Le cobaye des EXTRATERRESTRES - Replay Interview de 1981 avec Richard Glenn","twitter_site":"@PlanetActus","twitter_misc":{"Dur\u00e9e de lecture estim\u00e9e":"2 minutes"},"schema":{"@context":"https:\/\/schema.org","@graph":[{"@type":"WebPage","@id":"https:\/\/planetactus.com\/index.php\/video\/le-cas-jean-migueres-le-cobaye-des-extraterrestres-replay-interview-de-1981-avec-richard-glenn\/","url":"https:\/\/planetactus.com\/index.php\/video\/le-cas-jean-migueres-le-cobaye-des-extraterrestres-replay-interview-de-1981-avec-richard-glenn\/","name":"Le Cas Jean Migue\u0300res : Le Cobaye des EXTRATERRESTRES - Replay Interview de 1981 avec Richard Glenn -","isPartOf":{"@id":"https:\/\/planetactus.com\/#website"},"datePublished":"2024-08-18T17:09:23+00:00","description":"Le cas Jean Migue\u0300res : Le cobaye des EXTRATERRESTRES - Replay Interview de 1981 avec Richard Glenn","breadcrumb":{"@id":"https:\/\/planetactus.com\/index.php\/video\/le-cas-jean-migueres-le-cobaye-des-extraterrestres-replay-interview-de-1981-avec-richard-glenn\/#breadcrumb"},"inLanguage":"fr-FR","potentialAction":[{"@type":"ReadAction","target":["https:\/\/planetactus.com\/index.php\/video\/le-cas-jean-migueres-le-cobaye-des-extraterrestres-replay-interview-de-1981-avec-richard-glenn\/"]}]},{"@type":"BreadcrumbList","@id":"https:\/\/planetactus.com\/index.php\/video\/le-cas-jean-migueres-le-cobaye-des-extraterrestres-replay-interview-de-1981-avec-richard-glenn\/#breadcrumb","itemListElement":[{"@type":"ListItem","position":1,"name":"Accueil","item":"https:\/\/planetactus.com\/"},{"@type":"ListItem","position":2,"name":"Videos","item":"https:\/\/planetactus.com\/index.php\/video\/"},{"@type":"ListItem","position":3,"name":"Le Cas Jean Migue\u0300res : Le Cobaye des EXTRATERRESTRES &#8211; Replay Interview de 1981 avec Richard Glenn"}]},{"@type":"WebSite","@id":"https:\/\/planetactus.com\/#website","url":"https:\/\/planetactus.com\/","name":"PLANET ACTUS","description":"PLANET ACTUS","publisher":{"@id":"https:\/\/planetactus.com\/#\/schema\/person\/fbb75ac73a2424d2e176d31b021372a4"},"potentialAction":[{"@type":"SearchAction","target":{"@type":"EntryPoint","urlTemplate":"https:\/\/planetactus.com\/?s={search_term_string}"},"query-input":{"@type":"PropertyValueSpecification","valueRequired":true,"valueName":"search_term_string"}}],"inLanguage":"fr-FR"},{"@type":["Person","Organization"],"@id":"https:\/\/planetactus.com\/#\/schema\/person\/fbb75ac73a2424d2e176d31b021372a4","name":"planetactus.com","image":{"@type":"ImageObject","inLanguage":"fr-FR","@id":"https:\/\/mlrdeoj2ejbf.i.optimole.com\/cb:mvHM.4ca\/w:auto\/h:auto\/q:mauto\/f:best\/https:\/\/i0.wp.com\/planetactus.com\/wp-content\/uploads\/2024\/07\/cropped-2-Planet-Actus-Banniere-02a.jpg?fit=1189%2C365&ssl=1","url":"https:\/\/mlrdeoj2ejbf.i.optimole.com\/cb:mvHM.4ca\/w:auto\/h:auto\/q:mauto\/f:best\/https:\/\/i0.wp.com\/planetactus.com\/wp-content\/uploads\/2024\/07\/cropped-2-Planet-Actus-Banniere-02a.jpg?fit=1189%2C365&ssl=1","contentUrl":"https:\/\/mlrdeoj2ejbf.i.optimole.com\/cb:mvHM.4ca\/w:auto\/h:auto\/q:mauto\/f:best\/https:\/\/i0.wp.com\/planetactus.com\/wp-content\/uploads\/2024\/07\/cropped-2-Planet-Actus-Banniere-02a.jpg?fit=1189%2C365&ssl=1","width":1189,"height":365,"caption":"planetactus.com"},"logo":{"@id":"https:\/\/mlrdeoj2ejbf.i.optimole.com\/cb:mvHM.4ca\/w:auto\/h:auto\/q:mauto\/f:best\/https:\/\/i0.wp.com\/planetactus.com\/wp-content\/uploads\/2024\/07\/cropped-2-Planet-Actus-Banniere-02a.jpg?fit=1189%2C365&ssl=1"},"sameAs":["http:\/\/planetactus.com","https:\/\/www.facebook.com\/profile.php?id=61561620320740","https:\/\/x.com\/https:\/\/x.com\/PlanetActus","https:\/\/www.youtube.com\/@PlanetActus"]}]}},"jetpack_sharing_enabled":true,"_links":{"self":[{"href":"https:\/\/planetactus.com\/index.php\/wp-json\/wp\/v2\/aiovg_videos\/1404","targetHints":{"allow":["GET"]}}],"collection":[{"href":"https:\/\/planetactus.com\/index.php\/wp-json\/wp\/v2\/aiovg_videos"}],"about":[{"href":"https:\/\/planetactus.com\/index.php\/wp-json\/wp\/v2\/types\/aiovg_videos"}],"author":[{"embeddable":true,"href":"https:\/\/planetactus.com\/index.php\/wp-json\/wp\/v2\/users\/1"}],"replies":[{"embeddable":true,"href":"https:\/\/planetactus.com\/index.php\/wp-json\/wp\/v2\/comments?post=1404"}],"wp:attachment":[{"href":"https:\/\/planetactus.com\/index.php\/wp-json\/wp\/v2\/media?parent=1404"}],"wp:term":[{"taxonomy":"aiovg_categories","embeddable":true,"href":"https:\/\/planetactus.com\/index.php\/wp-json\/wp\/v2\/aiovg_categories?post=1404"},{"taxonomy":"aiovg_tags","embeddable":true,"href":"https:\/\/planetactus.com\/index.php\/wp-json\/wp\/v2\/aiovg_tags?post=1404"}],"curies":[{"name":"wp","href":"https:\/\/api.w.org\/{rel}","templated":true}]}}