{"id":3211,"date":"2024-12-02T17:13:08","date_gmt":"2024-12-02T16:13:08","guid":{"rendered":"https:\/\/planetactus.com\/?post_type=aiovg_videos&#038;p=3211"},"modified":"2024-12-02T18:59:53","modified_gmt":"2024-12-02T17:59:53","slug":"la-verite-sur-les-ovnis-75-ans-de-mensonges-enquete-et-documents-officiels","status":"publish","type":"aiovg_videos","link":"https:\/\/planetactus.com\/index.php\/video\/la-verite-sur-les-ovnis-75-ans-de-mensonges-enquete-et-documents-officiels\/","title":{"rendered":"La V\u00e9rit\u00e9 sur les OVNIs : 75 ans de Mensonges (Enqu\u00eate et Documents Officiels)"},"content":{"rendered":"<p><strong><span class=\"yt-core-attributed-string yt-core-attributed-string--white-space-pre-wrap\" dir=\"auto\"><span class=\"yt-core-attributed-string--link-inherit-color\" dir=\"auto\">\ud83d\udcbc Des Milliers de Documents D\u00e9classifi\u00e9s, Racontent une Histoire qui Pose Question<\/span><\/span><\/strong><span class=\"yt-core-attributed-string yt-core-attributed-string--white-space-pre-wrap\" dir=\"auto\"><span class=\"yt-core-attributed-string--link-inherit-color\" dir=\"auto\">&#8230;<\/span><\/span><strong><span class=\"yt-core-attributed-string yt-core-attributed-string--white-space-pre-wrap\" dir=\"auto\"><span class=\"yt-core-attributed-string--link-inherit-color\" dir=\"auto\">\ud83d\udcfb<\/span><\/span><\/strong><\/p>\n<p><span style=\"text-decoration: underline;\">Les sources<\/span> : \u00ab\u00a0Inside The Black Vault: The Government&rsquo;s UFO Secrets Revealed\u00a0\u00bb, John Greenewald Jr.<br \/>\n<strong>La cha\u00eene Youtube<\/strong> : <a href=\"https:\/\/www.youtube.com\/@TheBlackVaultOriginals\">https:\/\/www.youtube.com\/@TheBlackVaultOriginals<\/a> <strong>\ud83d\udd17<\/strong> \/ <strong>Sur la Politique du Secret<\/strong> [&#8230;]<\/p>\n<p><span style=\"text-decoration: underline;\">Tu pourrais aussi aimer<\/span>\u00a0 :<\/p>\n<p>\u25a0 <strong>Genevi\u00e8ve Delpech :\ud83d\udd17<\/strong>\u00a0<a href=\"https:\/\/www.youtube.com\/watch?v=Rm77MwNsHys\">Vers un Monde \u00c9veill\u00e9<\/a> ? \ud83d\udcf9 [01\/32\/25]\u00a0 \/ [<a href=\"https:\/\/www.youtube.com\/@sylvaindidelot\">Didelot Sylvain Terr2 TV<\/a>] \ud83d\udd17<\/p>\n<p>\u25a0 <a href=\"https:\/\/www.youtube.com\/watch?v=r7ILLdlLVcs\">PR\u00caTS POUR LA 3\u00e8me GUERRE MONDIALE<\/a> ?<strong> \ud83d\udd17 Sondage de Rue ! \ud83d\udcf9<\/strong> [20\/23] <strong>\/ <\/strong>[<a href=\"https:\/\/www.youtube.com\/@twentyhundredthestone\">Vincent Lapierre<\/a>] \ud83d\udd17<\/p>\n<p>\u25a0 <a href=\"https:\/\/www.youtube.com\/watch?v=r7ILLdlLVcs\">L&rsquo;interview INTERDITE<\/a> \ud83d\udd17 <strong>de l&rsquo;ex-PDG de Google FUITE : \u00ab\u00a0Vous n&rsquo;avez aucune id\u00e9e de ce qui arrive\u00a0\u00bb \ud83d\udcf9<\/strong> [26\/34]\u00a0 <strong>\/ <\/strong>[<a href=\"https:\/\/www.youtube.com\/@VisionIA-FR\">Vision IA<\/a>] \ud83d\udd17<\/p>\n<p>\u25a0 <strong>Politique du Dao ; Relier le Sensible et l&rsquo;Intelligible<\/strong> : <a href=\"https:\/\/www.google.com\/search?client=firefox-b-d&amp;q=La+politique+du+Dao+SUPRAMENTAL\">La politique du Dao<\/a> \ud83d\udd17 <strong>r\u00e9po<\/strong>nd au besoin de faire l<strong>e bilan<\/strong> des cultures <strong>orientales<\/strong> et <strong>occidentales<\/strong>, pour y substituer l&rsquo;attention spontan\u00e9e, <strong>libre<\/strong> de r\u00e9f\u00e9rences. Il existe une opposition radicale entre la pens\u00e9e traditionnelle (Chine, Inde), qui <strong>reconna\u00eet<\/strong> un <strong>Ordre Sous-Jacent \u00e0 rejoindre par l&rsquo;approfondissement et la discipline int\u00e9rieure, et la pens\u00e9e<\/strong>. Lire la suite \/ [<a href=\"https:\/\/www.librairie-ledivan.com\/livre\/9782863162835-politique-du-dao-relier-le-sensible-et-l-intelligible-natarajan\/\">Librairie Le divan<\/a>].<\/p>\n<p>\u25a0 <a href=\"http:\/\/supramental.fr\/supramental_messages_video5.php?video=Karma_sournois_et_humilite\">Karma Sournois et Humilit\u00e9<\/a> \ud83d\udcf9[19:13] \ud83d\udd17 [<a href=\"http:\/\/supramental.fr\/pdf\/2024_ca_avance.pdf\">Supramental<\/a>] \ud83d\udd17\ud83e\uddd8\u200d\u2642\ufe0f\ud83e\uddd8\u200d\u2640\ufe0f<\/p>\n<p>\ud83d\udca1 <strong>Si cet article vous a plu, n\u2019h\u00e9sitez pas \u00e0 le partager avec vos proches et sur tous vos r\u00e9seaux sociaux ! Suivez-nous pour plus d\u2019actualit\u00e9s passionnantes.<\/strong><\/p>\n<p>\ud83d\udef8\u00a0<a href=\"https:\/\/t.me\/ufo_planetactus_sightings\">Ufo Planet Actus Sightings Investigations<\/a>\u00a0\ud83d\udc7d<br \/>\n\ud83e\ude90\u00a0<a href=\"https:\/\/t.me\/planetactus\">Planet Actus\u00a0True News Letters<\/a>\u00a0\ud83d\uddde<br \/>\n\ud83d\udcbb\u00a0<a href=\"https:\/\/planetactus.com\/\">Planet Actus.com<\/a>\u00a0\ud83e\ude90<\/p>\n<p>&nbsp;<\/p>\n<p>&nbsp;<\/p>\n<div class=\"gsp_post_data\" \r\n\t            data-post_type=\"aiovg_videos\" \r\n\t            data-cat=\"\" \r\n\t            data-modified=\"120\"\r\n\t            data-created=\"1733159588\"\r\n\t            data-title=\"La V\u00e9rit\u00e9 sur les OVNIs : 75 ans de Mensonges (Enqu\u00eate et Documents Officiels)\" \r\n\t            data-home=\"https:\/\/planetactus.com\"><\/div>","protected":false},"excerpt":{"rendered":"<p>\ud83d\udcbc Des Milliers de Documents D\u00e9classifi\u00e9s, Racontent une Histoire qui Pose Question&#8230;\ud83d\udcfb Les sources : \u00ab\u00a0Inside The Black Vault: The Government&rsquo;s UFO Secrets Revealed\u00a0\u00bb, John Greenewald Jr. La cha\u00eene Youtube : https:\/\/www.youtube.com\/@TheBlackVaultOriginals \ud83d\udd17 \/ Sur la Politique du Secret [&#8230;] Tu pourrais aussi aimer\u00a0 : \u25a0 Genevi\u00e8ve Delpech :\ud83d\udd17\u00a0Vers un Monde \u00c9veill\u00e9 ? \ud83d\udcf9 [01\/32\/25]\u00a0 [&hellip;]<\/p>\n","protected":false},"author":1,"comment_status":"open","ping_status":"closed","template":"","aiovg_categories":[97,43,59,51,95,130],"aiovg_tags":[],"class_list":["post-3211","aiovg_videos","type-aiovg_videos","status-publish","has-post-thumbnail","hentry","aiovg_categories-au-dela","aiovg_categories-documentaires-reportages","aiovg_categories-esprit-meditatif","aiovg_categories-eveil-et-spiritualite","aiovg_categories-la-matrice","aiovg_categories-ufo-news"],"yoast_head":"<!-- This site is optimized with the Yoast SEO plugin v27.5 - https:\/\/yoast.com\/product\/yoast-seo-wordpress\/ -->\n<title>La V\u00e9rit\u00e9 sur les OVNIs : 75 ans de Mensonges (Enqu\u00eate et Documents Officiels) -<\/title>\n<meta name=\"robots\" content=\"index, follow, max-snippet:-1, max-image-preview:large, max-video-preview:-1\" \/>\n<link rel=\"canonical\" href=\"https:\/\/planetactus.com\/index.php\/video\/la-verite-sur-les-ovnis-75-ans-de-mensonges-enquete-et-documents-officiels\/\" class=\"yoast-seo-meta-tag\" \/>\n<meta property=\"og:locale\" content=\"fr_FR\" class=\"yoast-seo-meta-tag\" \/>\n<meta property=\"og:type\" content=\"article\" class=\"yoast-seo-meta-tag\" \/>\n<meta property=\"og:title\" content=\"Genevieve Delpech : Vers un monde \u00e9veill\u00e9\" class=\"yoast-seo-meta-tag\" \/>\n<meta property=\"og:description\" content=\"Dans cette \u00e9mission, nous plongerons au c\u0153ur des questions de l&#039;\u00e9veil spirituel, de la m\u00e9diumnit\u00e9 et de la transition vers une humanit\u00e9 plus consciente. Aux c\u00f4t\u00e9s de Genevi\u00e8ve Delpech, reconnue pour sa sensibilit\u00e9 et ses talents de m\u00e9dium, nous explorerons les dimensions invisibles qui fa\u00e7onnent notre r\u00e9alit\u00e9, et qui ouvrent la voie \u00e0 un monde plus harmonieux et \u00e9clair\u00e9. Comment la spiritualit\u00e9 peut-elle contribuer \u00e0 un monde plus uni et bienveillant ?\" class=\"yoast-seo-meta-tag\" \/>\n<meta property=\"og:url\" content=\"https:\/\/planetactus.com\/index.php\/video\/la-verite-sur-les-ovnis-75-ans-de-mensonges-enquete-et-documents-officiels\/\" class=\"yoast-seo-meta-tag\" \/>\n<meta property=\"article:publisher\" content=\"https:\/\/www.facebook.com\/profile.php?id=61561620320740\" class=\"yoast-seo-meta-tag\" \/>\n<meta property=\"article:modified_time\" content=\"2024-12-02T17:59:53+00:00\" class=\"yoast-seo-meta-tag\" \/>\n<meta name=\"twitter:card\" content=\"summary_large_image\" class=\"yoast-seo-meta-tag\" \/>\n<meta name=\"twitter:title\" content=\"Genevieve Delpech : Vers un monde \u00e9veill\u00e9\" class=\"yoast-seo-meta-tag\" \/>\n<meta name=\"twitter:description\" content=\"Dans cette \u00e9mission, nous plongerons au c\u0153ur des questions de l&#039;\u00e9veil spirituel, de la m\u00e9diumnit\u00e9 et de la transition vers une humanit\u00e9 plus consciente. Aux c\u00f4t\u00e9s de Genevi\u00e8ve Delpech, reconnue pour sa sensibilit\u00e9 et ses talents de m\u00e9dium, nous explorerons les dimensions invisibles qui fa\u00e7onnent notre r\u00e9alit\u00e9, et qui ouvrent la voie \u00e0 un monde plus harmonieux et \u00e9clair\u00e9. Comment la spiritualit\u00e9 peut-elle contribuer \u00e0 un monde plus uni et bienveillant ?\" class=\"yoast-seo-meta-tag\" \/>\n<meta name=\"twitter:site\" content=\"@PlanetActus\" class=\"yoast-seo-meta-tag\" \/>\n<meta name=\"twitter:label1\" content=\"Dur\u00e9e de lecture estim\u00e9e\" class=\"yoast-seo-meta-tag\" \/>\n\t<meta name=\"twitter:data1\" content=\"2 minutes\" class=\"yoast-seo-meta-tag\" \/>\n<script type=\"application\/ld+json\" class=\"yoast-schema-graph\">{\"@context\":\"https:\\\/\\\/schema.org\",\"@graph\":[{\"@type\":\"WebPage\",\"@id\":\"https:\\\/\\\/planetactus.com\\\/index.php\\\/video\\\/la-verite-sur-les-ovnis-75-ans-de-mensonges-enquete-et-documents-officiels\\\/\",\"url\":\"https:\\\/\\\/planetactus.com\\\/index.php\\\/video\\\/la-verite-sur-les-ovnis-75-ans-de-mensonges-enquete-et-documents-officiels\\\/\",\"name\":\"La V\u00e9rit\u00e9 sur les OVNIs : 75 ans de Mensonges (Enqu\u00eate et Documents Officiels) -\",\"isPartOf\":{\"@id\":\"https:\\\/\\\/planetactus.com\\\/#website\"},\"datePublished\":\"2024-12-02T16:13:08+00:00\",\"dateModified\":\"2024-12-02T17:59:53+00:00\",\"breadcrumb\":{\"@id\":\"https:\\\/\\\/planetactus.com\\\/index.php\\\/video\\\/la-verite-sur-les-ovnis-75-ans-de-mensonges-enquete-et-documents-officiels\\\/#breadcrumb\"},\"inLanguage\":\"fr-FR\",\"potentialAction\":[{\"@type\":\"ReadAction\",\"target\":[\"https:\\\/\\\/planetactus.com\\\/index.php\\\/video\\\/la-verite-sur-les-ovnis-75-ans-de-mensonges-enquete-et-documents-officiels\\\/\"]}]},{\"@type\":\"BreadcrumbList\",\"@id\":\"https:\\\/\\\/planetactus.com\\\/index.php\\\/video\\\/la-verite-sur-les-ovnis-75-ans-de-mensonges-enquete-et-documents-officiels\\\/#breadcrumb\",\"itemListElement\":[{\"@type\":\"ListItem\",\"position\":1,\"name\":\"Accueil\",\"item\":\"https:\\\/\\\/planetactus.com\\\/\"},{\"@type\":\"ListItem\",\"position\":2,\"name\":\"Videos\",\"item\":\"https:\\\/\\\/planetactus.com\\\/index.php\\\/video\\\/\"},{\"@type\":\"ListItem\",\"position\":3,\"name\":\"La V\u00e9rit\u00e9 sur les OVNIs : 75 ans de Mensonges (Enqu\u00eate et Documents Officiels)\"}]},{\"@type\":\"WebSite\",\"@id\":\"https:\\\/\\\/planetactus.com\\\/#website\",\"url\":\"https:\\\/\\\/planetactus.com\\\/\",\"name\":\"PLANET ACTUS\",\"description\":\"PLANET ACTUS\",\"publisher\":{\"@id\":\"https:\\\/\\\/planetactus.com\\\/#\\\/schema\\\/person\\\/fbb75ac73a2424d2e176d31b021372a4\"},\"potentialAction\":[{\"@type\":\"SearchAction\",\"target\":{\"@type\":\"EntryPoint\",\"urlTemplate\":\"https:\\\/\\\/planetactus.com\\\/?s={search_term_string}\"},\"query-input\":{\"@type\":\"PropertyValueSpecification\",\"valueRequired\":true,\"valueName\":\"search_term_string\"}}],\"inLanguage\":\"fr-FR\"},{\"@type\":[\"Person\",\"Organization\"],\"@id\":\"https:\\\/\\\/planetactus.com\\\/#\\\/schema\\\/person\\\/fbb75ac73a2424d2e176d31b021372a4\",\"name\":\"planetactus.com\",\"image\":{\"@type\":\"ImageObject\",\"inLanguage\":\"fr-FR\",\"@id\":\"https:\\/\\/i0.wp.com\\/planetactus.com\\/wp-content\\/uploads\\/2024\\/07\\/cropped-2-Planet-Actus-Banniere-02a.jpg?fit=1189%2C365&ssl=1\",\"url\":\"https:\\/\\/i0.wp.com\\/planetactus.com\\/wp-content\\/uploads\\/2024\\/07\\/cropped-2-Planet-Actus-Banniere-02a.jpg?fit=1189%2C365&ssl=1\",\"contentUrl\":\"https:\\/\\/i0.wp.com\\/planetactus.com\\/wp-content\\/uploads\\/2024\\/07\\/cropped-2-Planet-Actus-Banniere-02a.jpg?fit=1189%2C365&ssl=1\",\"width\":1189,\"height\":365,\"caption\":\"planetactus.com\"},\"logo\":{\"@id\":\"https:\\/\\/i0.wp.com\\/planetactus.com\\/wp-content\\/uploads\\/2024\\/07\\/cropped-2-Planet-Actus-Banniere-02a.jpg?fit=1189%2C365&ssl=1\"},\"sameAs\":[\"http:\\\/\\\/planetactus.com\",\"https:\\\/\\\/www.facebook.com\\\/profile.php?id=61561620320740\",\"https:\\\/\\\/x.com\\\/https:\\\/\\\/x.com\\\/PlanetActus\",\"https:\\\/\\\/www.youtube.com\\\/@PlanetActus\"]}]}<\/script>\n<!-- \/ Yoast SEO plugin. -->","yoast_head_json":{"title":"La V\u00e9rit\u00e9 sur les OVNIs : 75 ans de Mensonges (Enqu\u00eate et Documents Officiels) -","robots":{"index":"index","follow":"follow","max-snippet":"max-snippet:-1","max-image-preview":"max-image-preview:large","max-video-preview":"max-video-preview:-1"},"canonical":"https:\/\/planetactus.com\/index.php\/video\/la-verite-sur-les-ovnis-75-ans-de-mensonges-enquete-et-documents-officiels\/","og_locale":"fr_FR","og_type":"article","og_title":"Genevieve Delpech : Vers un monde \u00e9veill\u00e9","og_description":"Dans cette \u00e9mission, nous plongerons au c\u0153ur des questions de l'\u00e9veil spirituel, de la m\u00e9diumnit\u00e9 et de la transition vers une humanit\u00e9 plus consciente. Aux c\u00f4t\u00e9s de Genevi\u00e8ve Delpech, reconnue pour sa sensibilit\u00e9 et ses talents de m\u00e9dium, nous explorerons les dimensions invisibles qui fa\u00e7onnent notre r\u00e9alit\u00e9, et qui ouvrent la voie \u00e0 un monde plus harmonieux et \u00e9clair\u00e9. Comment la spiritualit\u00e9 peut-elle contribuer \u00e0 un monde plus uni et bienveillant ?","og_url":"https:\/\/planetactus.com\/index.php\/video\/la-verite-sur-les-ovnis-75-ans-de-mensonges-enquete-et-documents-officiels\/","article_publisher":"https:\/\/www.facebook.com\/profile.php?id=61561620320740","article_modified_time":"2024-12-02T17:59:53+00:00","twitter_card":"summary_large_image","twitter_title":"Genevieve Delpech : Vers un monde \u00e9veill\u00e9","twitter_description":"Dans cette \u00e9mission, nous plongerons au c\u0153ur des questions de l'\u00e9veil spirituel, de la m\u00e9diumnit\u00e9 et de la transition vers une humanit\u00e9 plus consciente. Aux c\u00f4t\u00e9s de Genevi\u00e8ve Delpech, reconnue pour sa sensibilit\u00e9 et ses talents de m\u00e9dium, nous explorerons les dimensions invisibles qui fa\u00e7onnent notre r\u00e9alit\u00e9, et qui ouvrent la voie \u00e0 un monde plus harmonieux et \u00e9clair\u00e9. Comment la spiritualit\u00e9 peut-elle contribuer \u00e0 un monde plus uni et bienveillant ?","twitter_site":"@PlanetActus","twitter_misc":{"Dur\u00e9e de lecture estim\u00e9e":"2 minutes"},"schema":{"@context":"https:\/\/schema.org","@graph":[{"@type":"WebPage","@id":"https:\/\/planetactus.com\/index.php\/video\/la-verite-sur-les-ovnis-75-ans-de-mensonges-enquete-et-documents-officiels\/","url":"https:\/\/planetactus.com\/index.php\/video\/la-verite-sur-les-ovnis-75-ans-de-mensonges-enquete-et-documents-officiels\/","name":"La V\u00e9rit\u00e9 sur les OVNIs : 75 ans de Mensonges (Enqu\u00eate et Documents Officiels) -","isPartOf":{"@id":"https:\/\/planetactus.com\/#website"},"datePublished":"2024-12-02T16:13:08+00:00","dateModified":"2024-12-02T17:59:53+00:00","breadcrumb":{"@id":"https:\/\/planetactus.com\/index.php\/video\/la-verite-sur-les-ovnis-75-ans-de-mensonges-enquete-et-documents-officiels\/#breadcrumb"},"inLanguage":"fr-FR","potentialAction":[{"@type":"ReadAction","target":["https:\/\/planetactus.com\/index.php\/video\/la-verite-sur-les-ovnis-75-ans-de-mensonges-enquete-et-documents-officiels\/"]}]},{"@type":"BreadcrumbList","@id":"https:\/\/planetactus.com\/index.php\/video\/la-verite-sur-les-ovnis-75-ans-de-mensonges-enquete-et-documents-officiels\/#breadcrumb","itemListElement":[{"@type":"ListItem","position":1,"name":"Accueil","item":"https:\/\/planetactus.com\/"},{"@type":"ListItem","position":2,"name":"Videos","item":"https:\/\/planetactus.com\/index.php\/video\/"},{"@type":"ListItem","position":3,"name":"La V\u00e9rit\u00e9 sur les OVNIs : 75 ans de Mensonges (Enqu\u00eate et Documents Officiels)"}]},{"@type":"WebSite","@id":"https:\/\/planetactus.com\/#website","url":"https:\/\/planetactus.com\/","name":"PLANET ACTUS","description":"PLANET ACTUS","publisher":{"@id":"https:\/\/planetactus.com\/#\/schema\/person\/fbb75ac73a2424d2e176d31b021372a4"},"potentialAction":[{"@type":"SearchAction","target":{"@type":"EntryPoint","urlTemplate":"https:\/\/planetactus.com\/?s={search_term_string}"},"query-input":{"@type":"PropertyValueSpecification","valueRequired":true,"valueName":"search_term_string"}}],"inLanguage":"fr-FR"},{"@type":["Person","Organization"],"@id":"https:\/\/planetactus.com\/#\/schema\/person\/fbb75ac73a2424d2e176d31b021372a4","name":"planetactus.com","image":{"@type":"ImageObject","inLanguage":"fr-FR","@id":"https:\/\/mlrdeoj2ejbf.i.optimole.com\/cb:mvHM.4ca\/w:auto\/h:auto\/q:mauto\/f:best\/https:\/\/i0.wp.com\/planetactus.com\/wp-content\/uploads\/2024\/07\/cropped-2-Planet-Actus-Banniere-02a.jpg?fit=1189%2C365&ssl=1","url":"https:\/\/mlrdeoj2ejbf.i.optimole.com\/cb:mvHM.4ca\/w:auto\/h:auto\/q:mauto\/f:best\/https:\/\/i0.wp.com\/planetactus.com\/wp-content\/uploads\/2024\/07\/cropped-2-Planet-Actus-Banniere-02a.jpg?fit=1189%2C365&ssl=1","contentUrl":"https:\/\/mlrdeoj2ejbf.i.optimole.com\/cb:mvHM.4ca\/w:auto\/h:auto\/q:mauto\/f:best\/https:\/\/i0.wp.com\/planetactus.com\/wp-content\/uploads\/2024\/07\/cropped-2-Planet-Actus-Banniere-02a.jpg?fit=1189%2C365&ssl=1","width":1189,"height":365,"caption":"planetactus.com"},"logo":{"@id":"https:\/\/mlrdeoj2ejbf.i.optimole.com\/cb:mvHM.4ca\/w:auto\/h:auto\/q:mauto\/f:best\/https:\/\/i0.wp.com\/planetactus.com\/wp-content\/uploads\/2024\/07\/cropped-2-Planet-Actus-Banniere-02a.jpg?fit=1189%2C365&ssl=1"},"sameAs":["http:\/\/planetactus.com","https:\/\/www.facebook.com\/profile.php?id=61561620320740","https:\/\/x.com\/https:\/\/x.com\/PlanetActus","https:\/\/www.youtube.com\/@PlanetActus"]}]}},"jetpack_sharing_enabled":true,"_links":{"self":[{"href":"https:\/\/planetactus.com\/index.php\/wp-json\/wp\/v2\/aiovg_videos\/3211","targetHints":{"allow":["GET"]}}],"collection":[{"href":"https:\/\/planetactus.com\/index.php\/wp-json\/wp\/v2\/aiovg_videos"}],"about":[{"href":"https:\/\/planetactus.com\/index.php\/wp-json\/wp\/v2\/types\/aiovg_videos"}],"author":[{"embeddable":true,"href":"https:\/\/planetactus.com\/index.php\/wp-json\/wp\/v2\/users\/1"}],"replies":[{"embeddable":true,"href":"https:\/\/planetactus.com\/index.php\/wp-json\/wp\/v2\/comments?post=3211"}],"wp:attachment":[{"href":"https:\/\/planetactus.com\/index.php\/wp-json\/wp\/v2\/media?parent=3211"}],"wp:term":[{"taxonomy":"aiovg_categories","embeddable":true,"href":"https:\/\/planetactus.com\/index.php\/wp-json\/wp\/v2\/aiovg_categories?post=3211"},{"taxonomy":"aiovg_tags","embeddable":true,"href":"https:\/\/planetactus.com\/index.php\/wp-json\/wp\/v2\/aiovg_tags?post=3211"}],"curies":[{"name":"wp","href":"https:\/\/api.w.org\/{rel}","templated":true}]}}