{"id":3368,"date":"2024-12-19T19:18:40","date_gmt":"2024-12-19T18:18:40","guid":{"rendered":"https:\/\/planetactus.com\/?post_type=aiovg_videos&#038;p=3368"},"modified":"2024-12-19T19:18:40","modified_gmt":"2024-12-19T18:18:40","slug":"et-si-la-fin-du-capitalisme-avait-deja-commence","status":"publish","type":"aiovg_videos","link":"https:\/\/planetactus.com\/index.php\/video\/et-si-la-fin-du-capitalisme-avait-deja-commence\/","title":{"rendered":"ET SI LA FIN DU CAPITALISME AVAIT D\u00c9J\u00c0 COMMENC\u00c9 ?"},"content":{"rendered":"<p><span class=\"yt-core-attributed-string yt-core-attributed-string--white-space-pre-wrap\" dir=\"auto\"><span class=\"yt-core-attributed-string--link-inherit-color\" dir=\"auto\"><strong>Et si une vision anticapitaliste du monde \u00e9tait en r\u00e9alit\u00e9 en train de gagner les esprits sans que l\u2019on ne s\u2019en rende compte ? Cette th\u00e9orie est celle du dernier livre de l\u2019\u00e9conomiste et sociologue Bernard Friot co \u00e9crit avec le philosophe Bernard Vasseur. Ils partent de ce constat : les initiatives remettant en cause le capitalisme fleurissent dans notre pays, et cela laisse pr\u00e9sager selon eux une remise en cause totale de ce syst\u00e8me, sans que cela ne passe n\u00e9cessairement par les institutions.<\/strong> <\/span><\/span><\/p>\n<p><span class=\"yt-core-attributed-string yt-core-attributed-string--white-space-pre-wrap\" dir=\"auto\"><strong><span class=\"yt-core-attributed-string--link-inherit-color\" dir=\"auto\">\u00c0 leurs yeux, le d\u00e9but de cette \u00e8re post capitaliste se constate dans toutes les explorations d\u2019exp\u00e9riences d\u2019entreprises et d\u2019organisations horizontales ; dans l\u2019exigence grandissante d\u2019un vrai respect de la diversit\u00e9 du vivant ou l\u2019invention en cours d\u2019une agriculture alternative \u00e0 un agro-business d\u00e9vastateur et sans paysans. Cela passe par les ZAD et les Soul\u00e8vements de la terre, par l\u2019exp\u00e9rimentation de nouvelles mani\u00e8res de lutter, par l\u2019impulsion donn\u00e9e \u00e0 une r\u00e9flexion sur ce que pourrait \u00eatre une propri\u00e9t\u00e9 des terres qui ne soit plus une domination des espaces et une exclusion des personnes ; \u00e7a passe aussi la d\u00e9termination \u00e0 conqu\u00e9rir l\u2019\u00e9galit\u00e9 des territoires, tout comme le mouvement <\/span><span class=\"yt-core-attributed-string--link-inherit-color\" dir=\"auto\"><a class=\"yt-core-attributed-string__link yt-core-attributed-string__link--call-to-action-color\" tabindex=\"0\" href=\"https:\/\/www.youtube.com\/hashtag\/metoo\" target=\"\">#MeToo<\/a><\/span><\/strong><span class=\"yt-core-attributed-string--link-inherit-color\" dir=\"auto\"><strong> avec son affirmation ferme d\u2019une \u00e9galit\u00e9 hommes femmes, enfin, ce sont aussi les mobilisations contre toutes les r\u00e9surgences du colonialisme qui les am\u00e8nent \u00e0 cette vision du monde.<\/strong> <\/span><\/span><\/p>\n<p><span class=\"yt-core-attributed-string yt-core-attributed-string--white-space-pre-wrap\" dir=\"auto\"><span class=\"yt-core-attributed-string--link-inherit-color\" dir=\"auto\">Au vu de la situation politique actuelle, cette <span style=\"text-decoration: underline;\">analyse<\/span> n\u2019est pas la plus consensuelle, <strong>mais elle a le m\u00e9rite d\u2019apporter une forme d\u2019espoir \u00e0 celles et ceux qui pensent que nous sommes condamn\u00e9s \u00e0 se faire broyer par un syst\u00e8me capitaliste pr\u00e9dateur, une politique de l\u2019intol\u00e9rance et de la violence sociale<\/strong>. <\/span><\/span><\/p>\n<p><span class=\"yt-core-attributed-string yt-core-attributed-string--white-space-pre-wrap\" dir=\"auto\"><span class=\"yt-core-attributed-string--link-inherit-color\" dir=\"auto\">Avec ce livre, les auteurs recensent tout <span style=\"text-decoration: underline;\">un pan des r\u00e9sistances qui existent bel et bien<\/span>. <strong>\u00c0 chacun, \u00e0 la fin du livre, ou de cet entretien, d\u2019imaginer l\u2019avenir qui lui semble le plus probable<\/strong>. Salom\u00e9 Saqu\u00e9 re\u00e7oit Bernard Friot sur le plateau de Blast. <\/span><\/span><\/p>\n<p><span class=\"yt-core-attributed-string yt-core-attributed-string--white-space-pre-wrap\" dir=\"auto\"><span class=\"yt-core-attributed-string--link-inherit-color\" dir=\"auto\">Journaliste : Salom\u00e9 Saqu\u00e9 Montage : Camille Chalot Son : Baptiste Veilhan Graphisme : Morgane Sabouret Production : Hicham Tragha Directeur des programmes : Mathias Enthoven R\u00e9daction en chef : Soumaya Bena\u00efssa Directeur de la publication : Denis Robert <\/span><\/span><\/p>\n<p><span style=\"text-decoration: underline;\">Tu pourrais aussi aimer<\/span> :<\/p>\n<p>\ud83d\udcb0\u00a0 <strong><a href=\"https:\/\/www.youtube.com\/watch?v=SHpGen_J318\">FINANCE : LA MACHINE \u00c0 D\u00c9TRUIRE<\/a><\/strong>\u00a0 [52:19] \ud83c\udfa5\u00a0 <strong>| <\/strong><span class=\"yt-core-attributed-string yt-core-attributed-string--white-space-pre-wrap\" dir=\"auto\"><span class=\"yt-core-attributed-string--link-inherit-color\" dir=\"auto\"><strong>Les crises financi\u00e8res se succ\u00e8dent et se ressemblent. Chaque fois, pour \u00e9viter le chaos, les \u00c9tats et les banques centrales interviennent. Avec de l\u2019argent public, ils sauvent les banques priv\u00e9es en injectant des milliards. Mais que sauvent-ils, ou plut\u00f4t qui sauvent-ils exactement ? Quel rapport cela a-t-il avec l\u2019augmentation rapide des in\u00e9galit\u00e9s et de l\u2019endettement des \u00c9tats, avec la d\u00e9gradation des services publics, ou encore avec les r\u00e9sistances \u00e0 travers le monde? Pour comprendre l\u2019\u00e9conomie, il est indispensable de saisir les contours du syst\u00e8me financier. Alors quelles sont les cons\u00e9quences de ce syst\u00e8me sur nos vies, est-il possible d\u2019imaginer un monde avec un syst\u00e8me financier diff\u00e9rent ? R\u00e9ponses avec Aline Fares, autrice de La Machine \u00e0 d\u00e9truire, pourquoi il faut en finir avec la finance.<\/strong> <\/span><\/span><\/p>\n<p>\ud83d\udccc \u00ab <strong><a href=\"https:\/\/www.youtube.com\/watch?v=IdNAOdWukFs\">Le Capitalisme est Mort<\/a><\/strong> : <strong>Nous Sommes <a href=\"https:\/\/www.youtube.com\/watch?v=MtxXjOc2fxU\">devenus des serfs<\/a> Travaillant pour les G\u00e9ants du Num\u00e9rique \u00bb : Yanis Varoufakis, ancien ministre des finances de la Gr\u00e8ce et auteur de \u00ab\u00a0Les nouveaux serfs de l&rsquo;\u00e9conomie\u00a0\u00bb aux \u00e9ditions Les Liens qui Lib\u00e8rent, est l&rsquo;invit\u00e9 de La Midinale<\/strong> [22:26] <strong>\ud83c\udfa5<br \/>\n<\/strong><\/p>\n<p>&nbsp;<\/p>\n<div class=\"gsp_post_data\" \r\n\t            data-post_type=\"aiovg_videos\" \r\n\t            data-cat=\"\" \r\n\t            data-modified=\"120\"\r\n\t            data-created=\"1734635920\"\r\n\t            data-title=\"ET SI LA FIN DU CAPITALISME AVAIT D\u00c9J\u00c0 COMMENC\u00c9 ?\" \r\n\t            data-home=\"https:\/\/planetactus.com\"><\/div>","protected":false},"excerpt":{"rendered":"<p>Et si une vision anticapitaliste du monde \u00e9tait en r\u00e9alit\u00e9 en train de gagner les esprits sans que l\u2019on ne s\u2019en rende compte ? Cette th\u00e9orie est celle du dernier livre de l\u2019\u00e9conomiste et sociologue Bernard Friot co \u00e9crit avec le philosophe Bernard Vasseur. Ils partent de ce constat : les initiatives remettant en cause [&hellip;]<\/p>\n","protected":false},"author":1,"comment_status":"open","ping_status":"closed","template":"","aiovg_categories":[9,43,91,90,95,48,144],"aiovg_tags":[],"class_list":["post-3368","aiovg_videos","type-aiovg_videos","status-publish","has-post-thumbnail","hentry","aiovg_categories-actualite-du-monde","aiovg_categories-documentaires-reportages","aiovg_categories-environnement","aiovg_categories-histoire","aiovg_categories-la-matrice","aiovg_categories-politique","aiovg_categories-sante"],"yoast_head":"<!-- This site is optimized with the Yoast SEO plugin v27.5 - https:\/\/yoast.com\/product\/yoast-seo-wordpress\/ -->\n<title>ET SI LA FIN DU CAPITALISME AVAIT D\u00c9J\u00c0 COMMENC\u00c9 ? -<\/title>\n<meta name=\"robots\" content=\"index, follow, max-snippet:-1, max-image-preview:large, max-video-preview:-1\" \/>\n<link rel=\"canonical\" href=\"https:\/\/planetactus.com\/index.php\/video\/et-si-la-fin-du-capitalisme-avait-deja-commence\/\" class=\"yoast-seo-meta-tag\" \/>\n<meta property=\"og:locale\" content=\"fr_FR\" class=\"yoast-seo-meta-tag\" \/>\n<meta property=\"og:type\" content=\"article\" class=\"yoast-seo-meta-tag\" \/>\n<meta property=\"og:title\" content=\"ET SI LA FIN DU CAPITALISME AVAIT D\u00c9J\u00c0 COMMENC\u00c9 ?\" class=\"yoast-seo-meta-tag\" \/>\n<meta property=\"og:description\" content=\"Et si une vision anticapitaliste du monde \u00e9tait en r\u00e9alit\u00e9 en train de gagner les esprits sans que l\u2019on ne s\u2019en rende compte ? Cette th\u00e9orie est celle du dernier livre de l\u2019\u00e9conomiste et sociologue Bernard Friot co \u00e9crit avec le philosophe Bernard Vasseur. Ils partent de ce constat : les initiatives remettant en cause [&hellip;]\" class=\"yoast-seo-meta-tag\" \/>\n<meta property=\"og:url\" content=\"https:\/\/planetactus.com\/index.php\/video\/et-si-la-fin-du-capitalisme-avait-deja-commence\/\" class=\"yoast-seo-meta-tag\" \/>\n<meta property=\"article:publisher\" content=\"https:\/\/www.facebook.com\/profile.php?id=61561620320740\" class=\"yoast-seo-meta-tag\" \/>\n<meta name=\"twitter:card\" content=\"summary_large_image\" class=\"yoast-seo-meta-tag\" \/>\n<meta name=\"twitter:title\" content=\"ET SI LA FIN DU CAPITALISME AVAIT D\u00c9J\u00c0 COMMENC\u00c9 ?\" class=\"yoast-seo-meta-tag\" \/>\n<meta name=\"twitter:site\" content=\"@PlanetActus\" class=\"yoast-seo-meta-tag\" \/>\n<meta name=\"twitter:label1\" content=\"Dur\u00e9e de lecture estim\u00e9e\" class=\"yoast-seo-meta-tag\" \/>\n\t<meta name=\"twitter:data1\" content=\"3 minutes\" class=\"yoast-seo-meta-tag\" \/>\n<script type=\"application\/ld+json\" class=\"yoast-schema-graph\">{\"@context\":\"https:\\\/\\\/schema.org\",\"@graph\":[{\"@type\":\"WebPage\",\"@id\":\"https:\\\/\\\/planetactus.com\\\/index.php\\\/video\\\/et-si-la-fin-du-capitalisme-avait-deja-commence\\\/\",\"url\":\"https:\\\/\\\/planetactus.com\\\/index.php\\\/video\\\/et-si-la-fin-du-capitalisme-avait-deja-commence\\\/\",\"name\":\"ET SI LA FIN DU CAPITALISME AVAIT D\u00c9J\u00c0 COMMENC\u00c9 ? -\",\"isPartOf\":{\"@id\":\"https:\\\/\\\/planetactus.com\\\/#website\"},\"datePublished\":\"2024-12-19T18:18:40+00:00\",\"breadcrumb\":{\"@id\":\"https:\\\/\\\/planetactus.com\\\/index.php\\\/video\\\/et-si-la-fin-du-capitalisme-avait-deja-commence\\\/#breadcrumb\"},\"inLanguage\":\"fr-FR\",\"potentialAction\":[{\"@type\":\"ReadAction\",\"target\":[\"https:\\\/\\\/planetactus.com\\\/index.php\\\/video\\\/et-si-la-fin-du-capitalisme-avait-deja-commence\\\/\"]}]},{\"@type\":\"BreadcrumbList\",\"@id\":\"https:\\\/\\\/planetactus.com\\\/index.php\\\/video\\\/et-si-la-fin-du-capitalisme-avait-deja-commence\\\/#breadcrumb\",\"itemListElement\":[{\"@type\":\"ListItem\",\"position\":1,\"name\":\"Accueil\",\"item\":\"https:\\\/\\\/planetactus.com\\\/\"},{\"@type\":\"ListItem\",\"position\":2,\"name\":\"Videos\",\"item\":\"https:\\\/\\\/planetactus.com\\\/index.php\\\/video\\\/\"},{\"@type\":\"ListItem\",\"position\":3,\"name\":\"ET SI LA FIN DU CAPITALISME AVAIT D\u00c9J\u00c0 COMMENC\u00c9 ?\"}]},{\"@type\":\"WebSite\",\"@id\":\"https:\\\/\\\/planetactus.com\\\/#website\",\"url\":\"https:\\\/\\\/planetactus.com\\\/\",\"name\":\"PLANET ACTUS\",\"description\":\"PLANET ACTUS\",\"publisher\":{\"@id\":\"https:\\\/\\\/planetactus.com\\\/#\\\/schema\\\/person\\\/fbb75ac73a2424d2e176d31b021372a4\"},\"potentialAction\":[{\"@type\":\"SearchAction\",\"target\":{\"@type\":\"EntryPoint\",\"urlTemplate\":\"https:\\\/\\\/planetactus.com\\\/?s={search_term_string}\"},\"query-input\":{\"@type\":\"PropertyValueSpecification\",\"valueRequired\":true,\"valueName\":\"search_term_string\"}}],\"inLanguage\":\"fr-FR\"},{\"@type\":[\"Person\",\"Organization\"],\"@id\":\"https:\\\/\\\/planetactus.com\\\/#\\\/schema\\\/person\\\/fbb75ac73a2424d2e176d31b021372a4\",\"name\":\"planetactus.com\",\"image\":{\"@type\":\"ImageObject\",\"inLanguage\":\"fr-FR\",\"@id\":\"https:\\/\\/i0.wp.com\\/planetactus.com\\/wp-content\\/uploads\\/2024\\/07\\/cropped-2-Planet-Actus-Banniere-02a.jpg?fit=1189%2C365&ssl=1\",\"url\":\"https:\\/\\/i0.wp.com\\/planetactus.com\\/wp-content\\/uploads\\/2024\\/07\\/cropped-2-Planet-Actus-Banniere-02a.jpg?fit=1189%2C365&ssl=1\",\"contentUrl\":\"https:\\/\\/i0.wp.com\\/planetactus.com\\/wp-content\\/uploads\\/2024\\/07\\/cropped-2-Planet-Actus-Banniere-02a.jpg?fit=1189%2C365&ssl=1\",\"width\":1189,\"height\":365,\"caption\":\"planetactus.com\"},\"logo\":{\"@id\":\"https:\\/\\/i0.wp.com\\/planetactus.com\\/wp-content\\/uploads\\/2024\\/07\\/cropped-2-Planet-Actus-Banniere-02a.jpg?fit=1189%2C365&ssl=1\"},\"sameAs\":[\"http:\\\/\\\/planetactus.com\",\"https:\\\/\\\/www.facebook.com\\\/profile.php?id=61561620320740\",\"https:\\\/\\\/x.com\\\/https:\\\/\\\/x.com\\\/PlanetActus\",\"https:\\\/\\\/www.youtube.com\\\/@PlanetActus\"]}]}<\/script>\n<!-- \/ Yoast SEO plugin. -->","yoast_head_json":{"title":"ET SI LA FIN DU CAPITALISME AVAIT D\u00c9J\u00c0 COMMENC\u00c9 ? -","robots":{"index":"index","follow":"follow","max-snippet":"max-snippet:-1","max-image-preview":"max-image-preview:large","max-video-preview":"max-video-preview:-1"},"canonical":"https:\/\/planetactus.com\/index.php\/video\/et-si-la-fin-du-capitalisme-avait-deja-commence\/","og_locale":"fr_FR","og_type":"article","og_title":"ET SI LA FIN DU CAPITALISME AVAIT D\u00c9J\u00c0 COMMENC\u00c9 ?","og_description":"Et si une vision anticapitaliste du monde \u00e9tait en r\u00e9alit\u00e9 en train de gagner les esprits sans que l\u2019on ne s\u2019en rende compte ? Cette th\u00e9orie est celle du dernier livre de l\u2019\u00e9conomiste et sociologue Bernard Friot co \u00e9crit avec le philosophe Bernard Vasseur. Ils partent de ce constat : les initiatives remettant en cause [&hellip;]","og_url":"https:\/\/planetactus.com\/index.php\/video\/et-si-la-fin-du-capitalisme-avait-deja-commence\/","article_publisher":"https:\/\/www.facebook.com\/profile.php?id=61561620320740","twitter_card":"summary_large_image","twitter_title":"ET SI LA FIN DU CAPITALISME AVAIT D\u00c9J\u00c0 COMMENC\u00c9 ?","twitter_site":"@PlanetActus","twitter_misc":{"Dur\u00e9e de lecture estim\u00e9e":"3 minutes"},"schema":{"@context":"https:\/\/schema.org","@graph":[{"@type":"WebPage","@id":"https:\/\/planetactus.com\/index.php\/video\/et-si-la-fin-du-capitalisme-avait-deja-commence\/","url":"https:\/\/planetactus.com\/index.php\/video\/et-si-la-fin-du-capitalisme-avait-deja-commence\/","name":"ET SI LA FIN DU CAPITALISME AVAIT D\u00c9J\u00c0 COMMENC\u00c9 ? -","isPartOf":{"@id":"https:\/\/planetactus.com\/#website"},"datePublished":"2024-12-19T18:18:40+00:00","breadcrumb":{"@id":"https:\/\/planetactus.com\/index.php\/video\/et-si-la-fin-du-capitalisme-avait-deja-commence\/#breadcrumb"},"inLanguage":"fr-FR","potentialAction":[{"@type":"ReadAction","target":["https:\/\/planetactus.com\/index.php\/video\/et-si-la-fin-du-capitalisme-avait-deja-commence\/"]}]},{"@type":"BreadcrumbList","@id":"https:\/\/planetactus.com\/index.php\/video\/et-si-la-fin-du-capitalisme-avait-deja-commence\/#breadcrumb","itemListElement":[{"@type":"ListItem","position":1,"name":"Accueil","item":"https:\/\/planetactus.com\/"},{"@type":"ListItem","position":2,"name":"Videos","item":"https:\/\/planetactus.com\/index.php\/video\/"},{"@type":"ListItem","position":3,"name":"ET SI LA FIN DU CAPITALISME AVAIT D\u00c9J\u00c0 COMMENC\u00c9 ?"}]},{"@type":"WebSite","@id":"https:\/\/planetactus.com\/#website","url":"https:\/\/planetactus.com\/","name":"PLANET ACTUS","description":"PLANET ACTUS","publisher":{"@id":"https:\/\/planetactus.com\/#\/schema\/person\/fbb75ac73a2424d2e176d31b021372a4"},"potentialAction":[{"@type":"SearchAction","target":{"@type":"EntryPoint","urlTemplate":"https:\/\/planetactus.com\/?s={search_term_string}"},"query-input":{"@type":"PropertyValueSpecification","valueRequired":true,"valueName":"search_term_string"}}],"inLanguage":"fr-FR"},{"@type":["Person","Organization"],"@id":"https:\/\/planetactus.com\/#\/schema\/person\/fbb75ac73a2424d2e176d31b021372a4","name":"planetactus.com","image":{"@type":"ImageObject","inLanguage":"fr-FR","@id":"https:\/\/mlrdeoj2ejbf.i.optimole.com\/cb:mvHM.4ca\/w:auto\/h:auto\/q:mauto\/f:best\/https:\/\/i0.wp.com\/planetactus.com\/wp-content\/uploads\/2024\/07\/cropped-2-Planet-Actus-Banniere-02a.jpg?fit=1189%2C365&ssl=1","url":"https:\/\/mlrdeoj2ejbf.i.optimole.com\/cb:mvHM.4ca\/w:auto\/h:auto\/q:mauto\/f:best\/https:\/\/i0.wp.com\/planetactus.com\/wp-content\/uploads\/2024\/07\/cropped-2-Planet-Actus-Banniere-02a.jpg?fit=1189%2C365&ssl=1","contentUrl":"https:\/\/mlrdeoj2ejbf.i.optimole.com\/cb:mvHM.4ca\/w:auto\/h:auto\/q:mauto\/f:best\/https:\/\/i0.wp.com\/planetactus.com\/wp-content\/uploads\/2024\/07\/cropped-2-Planet-Actus-Banniere-02a.jpg?fit=1189%2C365&ssl=1","width":1189,"height":365,"caption":"planetactus.com"},"logo":{"@id":"https:\/\/mlrdeoj2ejbf.i.optimole.com\/cb:mvHM.4ca\/w:auto\/h:auto\/q:mauto\/f:best\/https:\/\/i0.wp.com\/planetactus.com\/wp-content\/uploads\/2024\/07\/cropped-2-Planet-Actus-Banniere-02a.jpg?fit=1189%2C365&ssl=1"},"sameAs":["http:\/\/planetactus.com","https:\/\/www.facebook.com\/profile.php?id=61561620320740","https:\/\/x.com\/https:\/\/x.com\/PlanetActus","https:\/\/www.youtube.com\/@PlanetActus"]}]}},"jetpack_sharing_enabled":true,"_links":{"self":[{"href":"https:\/\/planetactus.com\/index.php\/wp-json\/wp\/v2\/aiovg_videos\/3368","targetHints":{"allow":["GET"]}}],"collection":[{"href":"https:\/\/planetactus.com\/index.php\/wp-json\/wp\/v2\/aiovg_videos"}],"about":[{"href":"https:\/\/planetactus.com\/index.php\/wp-json\/wp\/v2\/types\/aiovg_videos"}],"author":[{"embeddable":true,"href":"https:\/\/planetactus.com\/index.php\/wp-json\/wp\/v2\/users\/1"}],"replies":[{"embeddable":true,"href":"https:\/\/planetactus.com\/index.php\/wp-json\/wp\/v2\/comments?post=3368"}],"wp:attachment":[{"href":"https:\/\/planetactus.com\/index.php\/wp-json\/wp\/v2\/media?parent=3368"}],"wp:term":[{"taxonomy":"aiovg_categories","embeddable":true,"href":"https:\/\/planetactus.com\/index.php\/wp-json\/wp\/v2\/aiovg_categories?post=3368"},{"taxonomy":"aiovg_tags","embeddable":true,"href":"https:\/\/planetactus.com\/index.php\/wp-json\/wp\/v2\/aiovg_tags?post=3368"}],"curies":[{"name":"wp","href":"https:\/\/api.w.org\/{rel}","templated":true}]}}