{"id":3432,"date":"2025-01-03T19:37:10","date_gmt":"2025-01-03T18:37:10","guid":{"rendered":"https:\/\/planetactus.com\/?post_type=aiovg_videos&#038;p=3432"},"modified":"2025-01-03T20:06:15","modified_gmt":"2025-01-03T19:06:15","slug":"regardez-un-passager-dune-compagnie-aerienne-filme-des-personnes-debout-au-sommet-des-nuages","status":"publish","type":"aiovg_videos","link":"https:\/\/planetactus.com\/index.php\/video\/regardez-un-passager-dune-compagnie-aerienne-filme-des-personnes-debout-au-sommet-des-nuages\/","title":{"rendered":"Regardez : Un passager d&rsquo;une compagnie a\u00e9rienne filme des personnes debout au sommet des nuages ?"},"content":{"rendered":"<div class=\"flex max-w-full flex-col flex-grow\">\n<div class=\"min-h-8 text-message flex w-full flex-col items-end gap-2 whitespace-normal break-words text-start [.text-message+&amp;]:mt-5\" dir=\"auto\" data-message-author-role=\"assistant\" data-message-id=\"1988c111-2160-481f-8e12-5a84ac499f24\" data-message-model-slug=\"gpt-4o\">\n<div class=\"flex w-full flex-col gap-1 empty:hidden first:pt-[3px]\">\n<div class=\"markdown prose w-full break-words dark:prose-invert light\">\n<h3><strong>Des silhouettes humaines sur les nuages : Myst\u00e8re ou illusion ?<\/strong><\/h3>\n<p>Dans un article captivant publi\u00e9 sur <strong><a href=\"https:\/\/www.coasttocoastam.com\/\">Coast to Coast AM<\/a>\ud83d\udd17<\/strong>, Tim Binnall explore une <strong>vid\u00e9o<\/strong> fascinante montrant deux silhouettes humaines semblant se tenir sur des nuages. <strong>Cette vid\u00e9o, rapidement devenue virale, intrigue autant qu&rsquo;elle divise. D\u00e9couvrez les d\u00e9tails de cette \u00e9trange observation dans<\/strong> <a href=\"https:\/\/www.coasttocoastam.com\/article\/watch-airline-passenger-films-people-standing-atop-clouds\/\" target=\"_new\" rel=\"noopener\">l&rsquo;article complet ici<\/a> \ud83d\udd17<\/p>\n<p>Les th\u00e9ories autour de ce ph\u00e9nom\u00e8ne vont des <strong>hypoth\u00e8ses surnaturelles<\/strong>, <a href=\"https:\/\/planetactus.com\/?s=anges\">comme des anges ou des extraterrestres<\/a> \ud83d\udd17, \u00e0 des <strong>explications plus rationnelles<\/strong>, telles que des <strong>manipulations num\u00e9riques ou des illusions<\/strong> caus\u00e9es par la <strong>par\u00e9idolie<\/strong>. Une autre possibilit\u00e9 avanc\u00e9e est que ces \u00ab\u00a0figures\u00a0\u00bb seraient des panaches de vapeur provenant de chemin\u00e9es industrielles, traversant une couche de brouillard.<\/p>\n<p><strong>Pour mieux comprendre ce type de ph\u00e9nom\u00e8ne, regardez \u00e9galement cette vid\u00e9o connexe sur YouTube<\/strong> :<br \/>\n<a href=\"https:\/\/www.youtube.com\/watch?v=PLWYy0Z_ZKg\" target=\"_new\" rel=\"noopener\"><strong>Des silhouettes sur les nuages : analyse et explications<\/strong><\/a><strong> \ud83d\udd17<\/strong><\/p>\n<p><strong>Qu&rsquo;en pensez-vous ? Illusion d&rsquo;optique ou preuve d&rsquo;une r\u00e9alit\u00e9 encore m\u00e9connue ? Les d\u00e9bats restent ouverts !<\/strong><\/p>\n<p><span style=\"text-decoration: underline;\">Tu pourrais aussi aimer<\/span> :<\/p>\n<p>\ud83d\udc7d \ud83d\udef8 <strong><a href=\"https:\/\/www.youtube.com\/watch?v=1QiD21VYE7c\">Des ovnis dans le ciel suisse<\/a> ? \ud83d\udd17| Objectif Monde : L&rsquo;Hebdo \ud83c\udfac<\/strong>[25:11] \/ <a href=\"https:\/\/www.youtube.com\/watch?v=1QiD21VYE7c\">TV5MONDE Info<\/a> \ud83d\udd17<strong><br \/>\n<\/strong><\/p>\n<p><strong>Des lumi\u00e8res \u00e9tranges, des formes qui ne ressemblent \u00e0 aucun appareil connu, le ciel suisse a aussi son lot de ph\u00e9nom\u00e8nes inexplicables<\/strong>. Depuis les ann\u00e9es 50, de nombreux pays traquent les objets volants non identifi\u00e9s que l&rsquo;on appelle aussi les PAN (ph\u00e9nom\u00e8ne a\u00e9rospatial non identifi\u00e9). <strong>Une \u00e9quipe de la RTS a fouill\u00e9 les archives f\u00e9d\u00e9rales et retrouv\u00e9 des pilotes qui racontent des exp\u00e9riences dignes des X-files. Alors les OVNIS, y a-t-il de bonnes raisons d\u2019y croire ou non ?<\/strong><\/p>\n<p><strong>\ud83d\udca1<\/strong><strong> Si cet article vous a plu, n&rsquo;h\u00e9sitez pas \u00e0 le partager avec vos proches et sur tous vos r\u00e9seaux sociaux ! Suivez-nous pour plus d&rsquo;actualit\u00e9s passionnantes.<\/strong><\/p>\n<p><strong>\ud83d\udef8<\/strong><a href=\"https:\/\/t.me\/ufo_planetactus_sightings\">Ufo Planet Actus Sightings Investigations<\/a>\ud83d\udc7d<br \/>\n\ud83e\ude90\u00a0<a href=\"https:\/\/t.me\/planetactus\">Planet Actus\u00a0True News Letters<\/a>\u00a0\ud83d\uddde<br \/>\n\ud83d\udcbb\u00a0<a href=\"https:\/\/planetactus.com\/\">Planet Actus.com<\/a>\u00a0\ud83e\ude90<\/p>\n<\/div>\n<\/div>\n<\/div>\n<\/div>\n<div class=\"mb-2 flex gap-3 empty:hidden -ml-2\">\n<div class=\"items-center justify-start rounded-xl p-1 flex\">\n<div class=\"flex items-center\"><\/div>\n<\/div>\n<\/div>\n<div class=\"gsp_post_data\" \r\n\t            data-post_type=\"aiovg_videos\" \r\n\t            data-cat=\"\" \r\n\t            data-modified=\"120\"\r\n\t            data-created=\"1735933030\"\r\n\t            data-title=\"Regardez : Un passager d&rsquo;une compagnie a\u00e9rienne filme des personnes debout au sommet des nuages ?\" \r\n\t            data-home=\"https:\/\/planetactus.com\"><\/div>","protected":false},"excerpt":{"rendered":"<p>Des silhouettes humaines sur les nuages : Myst\u00e8re ou illusion ? Dans un article captivant publi\u00e9 sur Coast to Coast AM\ud83d\udd17, Tim Binnall explore une vid\u00e9o fascinante montrant deux silhouettes humaines semblant se tenir sur des nuages. Cette vid\u00e9o, rapidement devenue virale, intrigue autant qu&rsquo;elle divise. D\u00e9couvrez les d\u00e9tails de cette \u00e9trange observation dans l&rsquo;article [&hellip;]<\/p>\n","protected":false},"author":1,"comment_status":"open","ping_status":"closed","template":"","aiovg_categories":[9,97,96,130],"aiovg_tags":[],"class_list":["post-3432","aiovg_videos","type-aiovg_videos","status-publish","has-post-thumbnail","hentry","aiovg_categories-actualite-du-monde","aiovg_categories-au-dela","aiovg_categories-paranormal","aiovg_categories-ufo-news"],"yoast_head":"<!-- This site is optimized with the Yoast SEO plugin v27.5 - https:\/\/yoast.com\/product\/yoast-seo-wordpress\/ -->\n<title>Regardez : Un passager d&#039;une compagnie a\u00e9rienne filme des personnes debout au sommet des nuages ? -<\/title>\n<meta name=\"robots\" content=\"index, follow, max-snippet:-1, max-image-preview:large, max-video-preview:-1\" \/>\n<link rel=\"canonical\" href=\"https:\/\/planetactus.com\/index.php\/video\/regardez-un-passager-dune-compagnie-aerienne-filme-des-personnes-debout-au-sommet-des-nuages\/\" class=\"yoast-seo-meta-tag\" \/>\n<meta property=\"og:locale\" content=\"fr_FR\" class=\"yoast-seo-meta-tag\" \/>\n<meta property=\"og:type\" content=\"article\" class=\"yoast-seo-meta-tag\" \/>\n<meta property=\"og:title\" content=\"Regardez : Un passager d&#039;une compagnie a\u00e9rienne filme des personnes debout au sommet des nuages ? -\" class=\"yoast-seo-meta-tag\" \/>\n<meta property=\"og:description\" content=\"Des silhouettes humaines sur les nuages : Myst\u00e8re ou illusion ? Dans un article captivant publi\u00e9 sur Coast to Coast AM\ud83d\udd17, Tim Binnall explore une vid\u00e9o fascinante montrant deux silhouettes humaines semblant se tenir sur des nuages. Cette vid\u00e9o, rapidement devenue virale, intrigue autant qu&rsquo;elle divise. D\u00e9couvrez les d\u00e9tails de cette \u00e9trange observation dans l&rsquo;article [&hellip;]\" class=\"yoast-seo-meta-tag\" \/>\n<meta property=\"og:url\" content=\"https:\/\/planetactus.com\/index.php\/video\/regardez-un-passager-dune-compagnie-aerienne-filme-des-personnes-debout-au-sommet-des-nuages\/\" class=\"yoast-seo-meta-tag\" \/>\n<meta property=\"article:publisher\" content=\"https:\/\/www.facebook.com\/profile.php?id=61561620320740\" class=\"yoast-seo-meta-tag\" \/>\n<meta property=\"article:modified_time\" content=\"2025-01-03T19:06:15+00:00\" class=\"yoast-seo-meta-tag\" \/>\n<meta name=\"twitter:card\" content=\"summary_large_image\" class=\"yoast-seo-meta-tag\" \/>\n<meta name=\"twitter:site\" content=\"@PlanetActus\" class=\"yoast-seo-meta-tag\" \/>\n<meta name=\"twitter:label1\" content=\"Dur\u00e9e de lecture estim\u00e9e\" class=\"yoast-seo-meta-tag\" \/>\n\t<meta name=\"twitter:data1\" content=\"2 minutes\" class=\"yoast-seo-meta-tag\" \/>\n<script type=\"application\/ld+json\" class=\"yoast-schema-graph\">{\"@context\":\"https:\\\/\\\/schema.org\",\"@graph\":[{\"@type\":\"WebPage\",\"@id\":\"https:\\\/\\\/planetactus.com\\\/index.php\\\/video\\\/regardez-un-passager-dune-compagnie-aerienne-filme-des-personnes-debout-au-sommet-des-nuages\\\/\",\"url\":\"https:\\\/\\\/planetactus.com\\\/index.php\\\/video\\\/regardez-un-passager-dune-compagnie-aerienne-filme-des-personnes-debout-au-sommet-des-nuages\\\/\",\"name\":\"Regardez : Un passager d'une compagnie a\u00e9rienne filme des personnes debout au sommet des nuages ? -\",\"isPartOf\":{\"@id\":\"https:\\\/\\\/planetactus.com\\\/#website\"},\"datePublished\":\"2025-01-03T18:37:10+00:00\",\"dateModified\":\"2025-01-03T19:06:15+00:00\",\"breadcrumb\":{\"@id\":\"https:\\\/\\\/planetactus.com\\\/index.php\\\/video\\\/regardez-un-passager-dune-compagnie-aerienne-filme-des-personnes-debout-au-sommet-des-nuages\\\/#breadcrumb\"},\"inLanguage\":\"fr-FR\",\"potentialAction\":[{\"@type\":\"ReadAction\",\"target\":[\"https:\\\/\\\/planetactus.com\\\/index.php\\\/video\\\/regardez-un-passager-dune-compagnie-aerienne-filme-des-personnes-debout-au-sommet-des-nuages\\\/\"]}]},{\"@type\":\"BreadcrumbList\",\"@id\":\"https:\\\/\\\/planetactus.com\\\/index.php\\\/video\\\/regardez-un-passager-dune-compagnie-aerienne-filme-des-personnes-debout-au-sommet-des-nuages\\\/#breadcrumb\",\"itemListElement\":[{\"@type\":\"ListItem\",\"position\":1,\"name\":\"Accueil\",\"item\":\"https:\\\/\\\/planetactus.com\\\/\"},{\"@type\":\"ListItem\",\"position\":2,\"name\":\"Videos\",\"item\":\"https:\\\/\\\/planetactus.com\\\/index.php\\\/video\\\/\"},{\"@type\":\"ListItem\",\"position\":3,\"name\":\"Regardez : Un passager d&rsquo;une compagnie a\u00e9rienne filme des personnes debout au sommet des nuages ?\"}]},{\"@type\":\"WebSite\",\"@id\":\"https:\\\/\\\/planetactus.com\\\/#website\",\"url\":\"https:\\\/\\\/planetactus.com\\\/\",\"name\":\"PLANET ACTUS\",\"description\":\"PLANET ACTUS\",\"publisher\":{\"@id\":\"https:\\\/\\\/planetactus.com\\\/#\\\/schema\\\/person\\\/fbb75ac73a2424d2e176d31b021372a4\"},\"potentialAction\":[{\"@type\":\"SearchAction\",\"target\":{\"@type\":\"EntryPoint\",\"urlTemplate\":\"https:\\\/\\\/planetactus.com\\\/?s={search_term_string}\"},\"query-input\":{\"@type\":\"PropertyValueSpecification\",\"valueRequired\":true,\"valueName\":\"search_term_string\"}}],\"inLanguage\":\"fr-FR\"},{\"@type\":[\"Person\",\"Organization\"],\"@id\":\"https:\\\/\\\/planetactus.com\\\/#\\\/schema\\\/person\\\/fbb75ac73a2424d2e176d31b021372a4\",\"name\":\"planetactus.com\",\"image\":{\"@type\":\"ImageObject\",\"inLanguage\":\"fr-FR\",\"@id\":\"https:\\/\\/i0.wp.com\\/planetactus.com\\/wp-content\\/uploads\\/2024\\/07\\/cropped-2-Planet-Actus-Banniere-02a.jpg?fit=1189%2C365&ssl=1\",\"url\":\"https:\\/\\/i0.wp.com\\/planetactus.com\\/wp-content\\/uploads\\/2024\\/07\\/cropped-2-Planet-Actus-Banniere-02a.jpg?fit=1189%2C365&ssl=1\",\"contentUrl\":\"https:\\/\\/i0.wp.com\\/planetactus.com\\/wp-content\\/uploads\\/2024\\/07\\/cropped-2-Planet-Actus-Banniere-02a.jpg?fit=1189%2C365&ssl=1\",\"width\":1189,\"height\":365,\"caption\":\"planetactus.com\"},\"logo\":{\"@id\":\"https:\\/\\/i0.wp.com\\/planetactus.com\\/wp-content\\/uploads\\/2024\\/07\\/cropped-2-Planet-Actus-Banniere-02a.jpg?fit=1189%2C365&ssl=1\"},\"sameAs\":[\"http:\\\/\\\/planetactus.com\",\"https:\\\/\\\/www.facebook.com\\\/profile.php?id=61561620320740\",\"https:\\\/\\\/x.com\\\/https:\\\/\\\/x.com\\\/PlanetActus\",\"https:\\\/\\\/www.youtube.com\\\/@PlanetActus\"]}]}<\/script>\n<!-- \/ Yoast SEO plugin. -->","yoast_head_json":{"title":"Regardez : Un passager d'une compagnie a\u00e9rienne filme des personnes debout au sommet des nuages ? -","robots":{"index":"index","follow":"follow","max-snippet":"max-snippet:-1","max-image-preview":"max-image-preview:large","max-video-preview":"max-video-preview:-1"},"canonical":"https:\/\/planetactus.com\/index.php\/video\/regardez-un-passager-dune-compagnie-aerienne-filme-des-personnes-debout-au-sommet-des-nuages\/","og_locale":"fr_FR","og_type":"article","og_title":"Regardez : Un passager d'une compagnie a\u00e9rienne filme des personnes debout au sommet des nuages ? -","og_description":"Des silhouettes humaines sur les nuages : Myst\u00e8re ou illusion ? Dans un article captivant publi\u00e9 sur Coast to Coast AM\ud83d\udd17, Tim Binnall explore une vid\u00e9o fascinante montrant deux silhouettes humaines semblant se tenir sur des nuages. Cette vid\u00e9o, rapidement devenue virale, intrigue autant qu&rsquo;elle divise. D\u00e9couvrez les d\u00e9tails de cette \u00e9trange observation dans l&rsquo;article [&hellip;]","og_url":"https:\/\/planetactus.com\/index.php\/video\/regardez-un-passager-dune-compagnie-aerienne-filme-des-personnes-debout-au-sommet-des-nuages\/","article_publisher":"https:\/\/www.facebook.com\/profile.php?id=61561620320740","article_modified_time":"2025-01-03T19:06:15+00:00","twitter_card":"summary_large_image","twitter_site":"@PlanetActus","twitter_misc":{"Dur\u00e9e de lecture estim\u00e9e":"2 minutes"},"schema":{"@context":"https:\/\/schema.org","@graph":[{"@type":"WebPage","@id":"https:\/\/planetactus.com\/index.php\/video\/regardez-un-passager-dune-compagnie-aerienne-filme-des-personnes-debout-au-sommet-des-nuages\/","url":"https:\/\/planetactus.com\/index.php\/video\/regardez-un-passager-dune-compagnie-aerienne-filme-des-personnes-debout-au-sommet-des-nuages\/","name":"Regardez : Un passager d'une compagnie a\u00e9rienne filme des personnes debout au sommet des nuages ? -","isPartOf":{"@id":"https:\/\/planetactus.com\/#website"},"datePublished":"2025-01-03T18:37:10+00:00","dateModified":"2025-01-03T19:06:15+00:00","breadcrumb":{"@id":"https:\/\/planetactus.com\/index.php\/video\/regardez-un-passager-dune-compagnie-aerienne-filme-des-personnes-debout-au-sommet-des-nuages\/#breadcrumb"},"inLanguage":"fr-FR","potentialAction":[{"@type":"ReadAction","target":["https:\/\/planetactus.com\/index.php\/video\/regardez-un-passager-dune-compagnie-aerienne-filme-des-personnes-debout-au-sommet-des-nuages\/"]}]},{"@type":"BreadcrumbList","@id":"https:\/\/planetactus.com\/index.php\/video\/regardez-un-passager-dune-compagnie-aerienne-filme-des-personnes-debout-au-sommet-des-nuages\/#breadcrumb","itemListElement":[{"@type":"ListItem","position":1,"name":"Accueil","item":"https:\/\/planetactus.com\/"},{"@type":"ListItem","position":2,"name":"Videos","item":"https:\/\/planetactus.com\/index.php\/video\/"},{"@type":"ListItem","position":3,"name":"Regardez : Un passager d&rsquo;une compagnie a\u00e9rienne filme des personnes debout au sommet des nuages ?"}]},{"@type":"WebSite","@id":"https:\/\/planetactus.com\/#website","url":"https:\/\/planetactus.com\/","name":"PLANET ACTUS","description":"PLANET ACTUS","publisher":{"@id":"https:\/\/planetactus.com\/#\/schema\/person\/fbb75ac73a2424d2e176d31b021372a4"},"potentialAction":[{"@type":"SearchAction","target":{"@type":"EntryPoint","urlTemplate":"https:\/\/planetactus.com\/?s={search_term_string}"},"query-input":{"@type":"PropertyValueSpecification","valueRequired":true,"valueName":"search_term_string"}}],"inLanguage":"fr-FR"},{"@type":["Person","Organization"],"@id":"https:\/\/planetactus.com\/#\/schema\/person\/fbb75ac73a2424d2e176d31b021372a4","name":"planetactus.com","image":{"@type":"ImageObject","inLanguage":"fr-FR","@id":"https:\/\/mlrdeoj2ejbf.i.optimole.com\/cb:mvHM.4ca\/w:auto\/h:auto\/q:mauto\/f:best\/https:\/\/i0.wp.com\/planetactus.com\/wp-content\/uploads\/2024\/07\/cropped-2-Planet-Actus-Banniere-02a.jpg?fit=1189%2C365&ssl=1","url":"https:\/\/mlrdeoj2ejbf.i.optimole.com\/cb:mvHM.4ca\/w:auto\/h:auto\/q:mauto\/f:best\/https:\/\/i0.wp.com\/planetactus.com\/wp-content\/uploads\/2024\/07\/cropped-2-Planet-Actus-Banniere-02a.jpg?fit=1189%2C365&ssl=1","contentUrl":"https:\/\/mlrdeoj2ejbf.i.optimole.com\/cb:mvHM.4ca\/w:auto\/h:auto\/q:mauto\/f:best\/https:\/\/i0.wp.com\/planetactus.com\/wp-content\/uploads\/2024\/07\/cropped-2-Planet-Actus-Banniere-02a.jpg?fit=1189%2C365&ssl=1","width":1189,"height":365,"caption":"planetactus.com"},"logo":{"@id":"https:\/\/mlrdeoj2ejbf.i.optimole.com\/cb:mvHM.4ca\/w:auto\/h:auto\/q:mauto\/f:best\/https:\/\/i0.wp.com\/planetactus.com\/wp-content\/uploads\/2024\/07\/cropped-2-Planet-Actus-Banniere-02a.jpg?fit=1189%2C365&ssl=1"},"sameAs":["http:\/\/planetactus.com","https:\/\/www.facebook.com\/profile.php?id=61561620320740","https:\/\/x.com\/https:\/\/x.com\/PlanetActus","https:\/\/www.youtube.com\/@PlanetActus"]}]}},"jetpack_sharing_enabled":true,"_links":{"self":[{"href":"https:\/\/planetactus.com\/index.php\/wp-json\/wp\/v2\/aiovg_videos\/3432","targetHints":{"allow":["GET"]}}],"collection":[{"href":"https:\/\/planetactus.com\/index.php\/wp-json\/wp\/v2\/aiovg_videos"}],"about":[{"href":"https:\/\/planetactus.com\/index.php\/wp-json\/wp\/v2\/types\/aiovg_videos"}],"author":[{"embeddable":true,"href":"https:\/\/planetactus.com\/index.php\/wp-json\/wp\/v2\/users\/1"}],"replies":[{"embeddable":true,"href":"https:\/\/planetactus.com\/index.php\/wp-json\/wp\/v2\/comments?post=3432"}],"wp:attachment":[{"href":"https:\/\/planetactus.com\/index.php\/wp-json\/wp\/v2\/media?parent=3432"}],"wp:term":[{"taxonomy":"aiovg_categories","embeddable":true,"href":"https:\/\/planetactus.com\/index.php\/wp-json\/wp\/v2\/aiovg_categories?post=3432"},{"taxonomy":"aiovg_tags","embeddable":true,"href":"https:\/\/planetactus.com\/index.php\/wp-json\/wp\/v2\/aiovg_tags?post=3432"}],"curies":[{"name":"wp","href":"https:\/\/api.w.org\/{rel}","templated":true}]}}