{"id":3740,"date":"2025-01-21T21:48:55","date_gmt":"2025-01-21T20:48:55","guid":{"rendered":"https:\/\/planetactus.com\/?post_type=aiovg_videos&#038;p=3740"},"modified":"2025-01-21T21:48:55","modified_gmt":"2025-01-21T20:48:55","slug":"on-infiltre-une-secte-extraterrestre-aux-frontieres-du-rael-ina-societe","status":"publish","type":"aiovg_videos","link":"https:\/\/planetactus.com\/index.php\/video\/on-infiltre-une-secte-extraterrestre-aux-frontieres-du-rael-ina-societe\/","title":{"rendered":"On Infiltre Une SECTE Extraterrestre. Aux fronti\u00e8res du Ra\u00ebl | INA Soci\u00e9t\u00e9"},"content":{"rendered":"<p>\ud83e\ude90 <a href=\"https:\/\/youtu.be\/ezWi7Rq8-p0\">Aux fronti\u00e8res du Ra\u00ebl<\/a> \ud83d\udd17 | INA Soci\u00e9t\u00e9. Envoy\u00e9 sp\u00e9cial | France 2 | 21\/12\/2000. <strong>Extraits d&rsquo;un reportage sur la secte Ra\u00ebl, fond\u00e9e par Claude Vorilhon, alias Ra\u00ebl, qui est au sommet d&rsquo;une organisation extr\u00eamement puissante, accus\u00e9e de p\u00e9dophilie et de d\u00e9rives financi\u00e8res. Organis\u00e9 en plusieurs volets, ce reportage analyse le Mouvement ra\u00eblien sous les angles suivants : la gen\u00e8se, la personnalit\u00e9 du \u00ab\u00a0proph\u00e8te Ra\u00ebl\u00a0\u00bb, le discours et les pratiques pr\u00f4n\u00e9es autour de la sexualit\u00e9, de l&rsquo;argent et du pouvoir et les manipulations g\u00e9n\u00e9tiques. Alternance d&rsquo;interviews des dirigeants et des membres de la secte, ainsi que d&rsquo;ex-adeptes et d&rsquo;hommes politiques, avec des images d&rsquo;archives retra\u00e7ant le parcours de Claude Vorilhon et l&rsquo;histoire du mouvement depuis les ann\u00e9es 70.<\/strong><\/p>\n<p><span style=\"text-decoration: underline;\">Sur le m\u00eame sujet<\/span>\u00a0 :<\/p>\n<p>\u25a0 <span class=\"yt-core-attributed-string yt-core-attributed-string--white-space-pre-wrap\" dir=\"auto\"><span class=\"yt-core-attributed-string--link-inherit-color\" dir=\"auto\"><a href=\"https:\/\/www.youtube.com\/watch?v=mNJOHS7S7qM\">On Infiltre Une SECTE Extraterrestre<\/a> \ud83d\udd17 \ud83d\udc7d\ud83d\udef8[19 :39] \ud83d\udcfa : <strong>Apr\u00e8s avoir infiltr\u00e9 la Secte des Ra\u00ebliens \u00e0 Montr\u00e9al, particip\u00e9 \u00e0 un bapt\u00eame devant des Croyants \u00c9lohims, \u00e9cout\u00e9 des heures de vid\u00e9os sur Ra\u00ebl et les extraterrestres, et termin\u00e9 par un prank HILARANT en se d\u00e9guisant en alien pour semer le chaos, pensez-vous qu\u2019on devrait tenter une autre infiltration du genre avec une autre organisation au Qu\u00e9bec ? Mettez en commentaire laquelle vous aimeriez nous voir faire<\/strong> \ud83e\udd23<\/span><\/span><\/p>\n<p><span style=\"text-decoration: underline;\">Tu pourrais aussi aimer\u00a0<\/span>:<\/p>\n<p>\u25a0 <strong>ENQU\u00caTE<\/strong> &#8211; <a href=\"https:\/\/www.youtube.com\/watch?v=2hRCarn9ERM&amp;t=642s\">JE M&rsquo;INFILTRE DANS UN \u00c9V\u00c8NEMENT POUR PR\u00c9PARER LA VENUE DES EXTRATERRESTRES<\/a> \ud83d\udd17 [57 :18] \ud83d\udcfa<\/p>\n<p>\u25a0 <a href=\"https:\/\/www.youtube.com\/watch?v=KlLNn4jdunA\">Le LIT QUANTIQUE qui soigne<\/a> \ud83d\udd17 \ud83d\udc4c<strong> | je teste<\/strong> [40 :46] \ud83d\udcfa : <strong>Avez-vous d\u00e9j\u00e0 entendu parler des \u00ab medbed \u00bb ? C&rsquo;est une th\u00e9orie qui prosp\u00e8re depuis quelques ann\u00e9es dans tout un tas de pays. Les medbed seraient des lits m\u00e9dicaux capables de gu\u00e9rir l&rsquo;humain d&rsquo;\u00e0 peu pr\u00e8s tout. Cette technologie nous serait cach\u00e9e, mais bient\u00f4t r\u00e9v\u00e9l\u00e9e ! Une entreprise (quantique bien s\u00fbr) a d\u00e9cid\u00e9 de surfer sur cette croyance&#8230; et j&rsquo;ai d\u00e9cid\u00e9 d&rsquo;enqu\u00eater dessus. Accrochez-vous.<\/strong><\/p>\n<div class=\"gsp_post_data\" \r\n\t            data-post_type=\"aiovg_videos\" \r\n\t            data-cat=\"\" \r\n\t            data-modified=\"120\"\r\n\t            data-created=\"1737496135\"\r\n\t            data-title=\"On Infiltre Une SECTE Extraterrestre. Aux fronti\u00e8res du Ra\u00ebl | INA Soci\u00e9t\u00e9\" \r\n\t            data-home=\"https:\/\/planetactus.com\"><\/div>","protected":false},"excerpt":{"rendered":"<p>\ud83e\ude90 Aux fronti\u00e8res du Ra\u00ebl \ud83d\udd17 | INA Soci\u00e9t\u00e9. Envoy\u00e9 sp\u00e9cial | France 2 | 21\/12\/2000. Extraits d&rsquo;un reportage sur la secte Ra\u00ebl, fond\u00e9e par Claude Vorilhon, alias Ra\u00ebl, qui est au sommet d&rsquo;une organisation extr\u00eamement puissante, accus\u00e9e de p\u00e9dophilie et de d\u00e9rives financi\u00e8res. Organis\u00e9 en plusieurs volets, ce reportage analyse le Mouvement ra\u00eblien sous [&hellip;]<\/p>\n","protected":false},"author":1,"comment_status":"open","ping_status":"closed","template":"","aiovg_categories":[43,44,55,130,42],"aiovg_tags":[],"class_list":["post-3740","aiovg_videos","type-aiovg_videos","status-publish","has-post-thumbnail","hentry","aiovg_categories-documentaires-reportages","aiovg_categories-enquete","aiovg_categories-exo-politiques","aiovg_categories-ufo-news","aiovg_categories-ufologie"],"yoast_head":"<!-- This site is optimized with the Yoast SEO plugin v27.5 - https:\/\/yoast.com\/product\/yoast-seo-wordpress\/ -->\n<title>On Infiltre Une SECTE Extraterrestre. Aux fronti\u00e8res du Ra\u00ebl | INA Soci\u00e9t\u00e9 -<\/title>\n<meta name=\"robots\" content=\"index, follow, max-snippet:-1, max-image-preview:large, max-video-preview:-1\" \/>\n<link rel=\"canonical\" href=\"https:\/\/planetactus.com\/index.php\/video\/on-infiltre-une-secte-extraterrestre-aux-frontieres-du-rael-ina-societe\/\" class=\"yoast-seo-meta-tag\" \/>\n<meta property=\"og:locale\" content=\"fr_FR\" class=\"yoast-seo-meta-tag\" \/>\n<meta property=\"og:type\" content=\"article\" class=\"yoast-seo-meta-tag\" \/>\n<meta property=\"og:title\" content=\"On Infiltre Une SECTE Extraterrestre. Aux fronti\u00e8res du Ra\u00ebl | INA Soci\u00e9t\u00e9\" class=\"yoast-seo-meta-tag\" \/>\n<meta property=\"og:description\" content=\"\ud83e\ude90 Aux fronti\u00e8res du Ra\u00ebl \ud83d\udd17 | INA Soci\u00e9t\u00e9. Envoy\u00e9 sp\u00e9cial | France 2 | 21\/12\/2000. Extraits d&rsquo;un reportage sur la secte Ra\u00ebl, fond\u00e9e par Claude Vorilhon, alias Ra\u00ebl, qui est au sommet d&rsquo;une organisation extr\u00eamement puissante, accus\u00e9e de p\u00e9dophilie et de d\u00e9rives financi\u00e8res. Organis\u00e9 en plusieurs volets, ce reportage analyse le Mouvement ra\u00eblien sous [&hellip;]\" class=\"yoast-seo-meta-tag\" \/>\n<meta property=\"og:url\" content=\"https:\/\/planetactus.com\/index.php\/video\/on-infiltre-une-secte-extraterrestre-aux-frontieres-du-rael-ina-societe\/\" class=\"yoast-seo-meta-tag\" \/>\n<meta property=\"article:publisher\" content=\"https:\/\/www.facebook.com\/profile.php?id=61561620320740\" class=\"yoast-seo-meta-tag\" \/>\n<meta name=\"twitter:card\" content=\"summary_large_image\" class=\"yoast-seo-meta-tag\" \/>\n<meta name=\"twitter:title\" content=\"On Infiltre Une SECTE Extraterrestre. Aux fronti\u00e8res du Ra\u00ebl | INA Soci\u00e9t\u00e9\" class=\"yoast-seo-meta-tag\" \/>\n<meta name=\"twitter:site\" content=\"@PlanetActus\" class=\"yoast-seo-meta-tag\" \/>\n<meta name=\"twitter:label1\" content=\"Dur\u00e9e de lecture estim\u00e9e\" class=\"yoast-seo-meta-tag\" \/>\n\t<meta name=\"twitter:data1\" content=\"2 minutes\" class=\"yoast-seo-meta-tag\" \/>\n<script type=\"application\/ld+json\" class=\"yoast-schema-graph\">{\"@context\":\"https:\\\/\\\/schema.org\",\"@graph\":[{\"@type\":\"WebPage\",\"@id\":\"https:\\\/\\\/planetactus.com\\\/index.php\\\/video\\\/on-infiltre-une-secte-extraterrestre-aux-frontieres-du-rael-ina-societe\\\/\",\"url\":\"https:\\\/\\\/planetactus.com\\\/index.php\\\/video\\\/on-infiltre-une-secte-extraterrestre-aux-frontieres-du-rael-ina-societe\\\/\",\"name\":\"On Infiltre Une SECTE Extraterrestre. Aux fronti\u00e8res du Ra\u00ebl | INA Soci\u00e9t\u00e9 -\",\"isPartOf\":{\"@id\":\"https:\\\/\\\/planetactus.com\\\/#website\"},\"datePublished\":\"2025-01-21T20:48:55+00:00\",\"breadcrumb\":{\"@id\":\"https:\\\/\\\/planetactus.com\\\/index.php\\\/video\\\/on-infiltre-une-secte-extraterrestre-aux-frontieres-du-rael-ina-societe\\\/#breadcrumb\"},\"inLanguage\":\"fr-FR\",\"potentialAction\":[{\"@type\":\"ReadAction\",\"target\":[\"https:\\\/\\\/planetactus.com\\\/index.php\\\/video\\\/on-infiltre-une-secte-extraterrestre-aux-frontieres-du-rael-ina-societe\\\/\"]}]},{\"@type\":\"BreadcrumbList\",\"@id\":\"https:\\\/\\\/planetactus.com\\\/index.php\\\/video\\\/on-infiltre-une-secte-extraterrestre-aux-frontieres-du-rael-ina-societe\\\/#breadcrumb\",\"itemListElement\":[{\"@type\":\"ListItem\",\"position\":1,\"name\":\"Accueil\",\"item\":\"https:\\\/\\\/planetactus.com\\\/\"},{\"@type\":\"ListItem\",\"position\":2,\"name\":\"Videos\",\"item\":\"https:\\\/\\\/planetactus.com\\\/index.php\\\/video\\\/\"},{\"@type\":\"ListItem\",\"position\":3,\"name\":\"On Infiltre Une SECTE Extraterrestre. Aux fronti\u00e8res du Ra\u00ebl | INA Soci\u00e9t\u00e9\"}]},{\"@type\":\"WebSite\",\"@id\":\"https:\\\/\\\/planetactus.com\\\/#website\",\"url\":\"https:\\\/\\\/planetactus.com\\\/\",\"name\":\"PLANET ACTUS\",\"description\":\"PLANET ACTUS\",\"publisher\":{\"@id\":\"https:\\\/\\\/planetactus.com\\\/#\\\/schema\\\/person\\\/fbb75ac73a2424d2e176d31b021372a4\"},\"potentialAction\":[{\"@type\":\"SearchAction\",\"target\":{\"@type\":\"EntryPoint\",\"urlTemplate\":\"https:\\\/\\\/planetactus.com\\\/?s={search_term_string}\"},\"query-input\":{\"@type\":\"PropertyValueSpecification\",\"valueRequired\":true,\"valueName\":\"search_term_string\"}}],\"inLanguage\":\"fr-FR\"},{\"@type\":[\"Person\",\"Organization\"],\"@id\":\"https:\\\/\\\/planetactus.com\\\/#\\\/schema\\\/person\\\/fbb75ac73a2424d2e176d31b021372a4\",\"name\":\"planetactus.com\",\"image\":{\"@type\":\"ImageObject\",\"inLanguage\":\"fr-FR\",\"@id\":\"https:\\/\\/i0.wp.com\\/planetactus.com\\/wp-content\\/uploads\\/2024\\/07\\/cropped-2-Planet-Actus-Banniere-02a.jpg?fit=1189%2C365&ssl=1\",\"url\":\"https:\\/\\/i0.wp.com\\/planetactus.com\\/wp-content\\/uploads\\/2024\\/07\\/cropped-2-Planet-Actus-Banniere-02a.jpg?fit=1189%2C365&ssl=1\",\"contentUrl\":\"https:\\/\\/i0.wp.com\\/planetactus.com\\/wp-content\\/uploads\\/2024\\/07\\/cropped-2-Planet-Actus-Banniere-02a.jpg?fit=1189%2C365&ssl=1\",\"width\":1189,\"height\":365,\"caption\":\"planetactus.com\"},\"logo\":{\"@id\":\"https:\\/\\/i0.wp.com\\/planetactus.com\\/wp-content\\/uploads\\/2024\\/07\\/cropped-2-Planet-Actus-Banniere-02a.jpg?fit=1189%2C365&ssl=1\"},\"sameAs\":[\"http:\\\/\\\/planetactus.com\",\"https:\\\/\\\/www.facebook.com\\\/profile.php?id=61561620320740\",\"https:\\\/\\\/x.com\\\/https:\\\/\\\/x.com\\\/PlanetActus\",\"https:\\\/\\\/www.youtube.com\\\/@PlanetActus\"]}]}<\/script>\n<!-- \/ Yoast SEO plugin. -->","yoast_head_json":{"title":"On Infiltre Une SECTE Extraterrestre. Aux fronti\u00e8res du Ra\u00ebl | INA Soci\u00e9t\u00e9 -","robots":{"index":"index","follow":"follow","max-snippet":"max-snippet:-1","max-image-preview":"max-image-preview:large","max-video-preview":"max-video-preview:-1"},"canonical":"https:\/\/planetactus.com\/index.php\/video\/on-infiltre-une-secte-extraterrestre-aux-frontieres-du-rael-ina-societe\/","og_locale":"fr_FR","og_type":"article","og_title":"On Infiltre Une SECTE Extraterrestre. Aux fronti\u00e8res du Ra\u00ebl | INA Soci\u00e9t\u00e9","og_description":"\ud83e\ude90 Aux fronti\u00e8res du Ra\u00ebl \ud83d\udd17 | INA Soci\u00e9t\u00e9. Envoy\u00e9 sp\u00e9cial | France 2 | 21\/12\/2000. Extraits d&rsquo;un reportage sur la secte Ra\u00ebl, fond\u00e9e par Claude Vorilhon, alias Ra\u00ebl, qui est au sommet d&rsquo;une organisation extr\u00eamement puissante, accus\u00e9e de p\u00e9dophilie et de d\u00e9rives financi\u00e8res. Organis\u00e9 en plusieurs volets, ce reportage analyse le Mouvement ra\u00eblien sous [&hellip;]","og_url":"https:\/\/planetactus.com\/index.php\/video\/on-infiltre-une-secte-extraterrestre-aux-frontieres-du-rael-ina-societe\/","article_publisher":"https:\/\/www.facebook.com\/profile.php?id=61561620320740","twitter_card":"summary_large_image","twitter_title":"On Infiltre Une SECTE Extraterrestre. Aux fronti\u00e8res du Ra\u00ebl | INA Soci\u00e9t\u00e9","twitter_site":"@PlanetActus","twitter_misc":{"Dur\u00e9e de lecture estim\u00e9e":"2 minutes"},"schema":{"@context":"https:\/\/schema.org","@graph":[{"@type":"WebPage","@id":"https:\/\/planetactus.com\/index.php\/video\/on-infiltre-une-secte-extraterrestre-aux-frontieres-du-rael-ina-societe\/","url":"https:\/\/planetactus.com\/index.php\/video\/on-infiltre-une-secte-extraterrestre-aux-frontieres-du-rael-ina-societe\/","name":"On Infiltre Une SECTE Extraterrestre. Aux fronti\u00e8res du Ra\u00ebl | INA Soci\u00e9t\u00e9 -","isPartOf":{"@id":"https:\/\/planetactus.com\/#website"},"datePublished":"2025-01-21T20:48:55+00:00","breadcrumb":{"@id":"https:\/\/planetactus.com\/index.php\/video\/on-infiltre-une-secte-extraterrestre-aux-frontieres-du-rael-ina-societe\/#breadcrumb"},"inLanguage":"fr-FR","potentialAction":[{"@type":"ReadAction","target":["https:\/\/planetactus.com\/index.php\/video\/on-infiltre-une-secte-extraterrestre-aux-frontieres-du-rael-ina-societe\/"]}]},{"@type":"BreadcrumbList","@id":"https:\/\/planetactus.com\/index.php\/video\/on-infiltre-une-secte-extraterrestre-aux-frontieres-du-rael-ina-societe\/#breadcrumb","itemListElement":[{"@type":"ListItem","position":1,"name":"Accueil","item":"https:\/\/planetactus.com\/"},{"@type":"ListItem","position":2,"name":"Videos","item":"https:\/\/planetactus.com\/index.php\/video\/"},{"@type":"ListItem","position":3,"name":"On Infiltre Une SECTE Extraterrestre. Aux fronti\u00e8res du Ra\u00ebl | INA Soci\u00e9t\u00e9"}]},{"@type":"WebSite","@id":"https:\/\/planetactus.com\/#website","url":"https:\/\/planetactus.com\/","name":"PLANET ACTUS","description":"PLANET ACTUS","publisher":{"@id":"https:\/\/planetactus.com\/#\/schema\/person\/fbb75ac73a2424d2e176d31b021372a4"},"potentialAction":[{"@type":"SearchAction","target":{"@type":"EntryPoint","urlTemplate":"https:\/\/planetactus.com\/?s={search_term_string}"},"query-input":{"@type":"PropertyValueSpecification","valueRequired":true,"valueName":"search_term_string"}}],"inLanguage":"fr-FR"},{"@type":["Person","Organization"],"@id":"https:\/\/planetactus.com\/#\/schema\/person\/fbb75ac73a2424d2e176d31b021372a4","name":"planetactus.com","image":{"@type":"ImageObject","inLanguage":"fr-FR","@id":"https:\/\/mlrdeoj2ejbf.i.optimole.com\/cb:mvHM.4ca\/w:auto\/h:auto\/q:mauto\/f:best\/https:\/\/i0.wp.com\/planetactus.com\/wp-content\/uploads\/2024\/07\/cropped-2-Planet-Actus-Banniere-02a.jpg?fit=1189%2C365&ssl=1","url":"https:\/\/mlrdeoj2ejbf.i.optimole.com\/cb:mvHM.4ca\/w:auto\/h:auto\/q:mauto\/f:best\/https:\/\/i0.wp.com\/planetactus.com\/wp-content\/uploads\/2024\/07\/cropped-2-Planet-Actus-Banniere-02a.jpg?fit=1189%2C365&ssl=1","contentUrl":"https:\/\/mlrdeoj2ejbf.i.optimole.com\/cb:mvHM.4ca\/w:auto\/h:auto\/q:mauto\/f:best\/https:\/\/i0.wp.com\/planetactus.com\/wp-content\/uploads\/2024\/07\/cropped-2-Planet-Actus-Banniere-02a.jpg?fit=1189%2C365&ssl=1","width":1189,"height":365,"caption":"planetactus.com"},"logo":{"@id":"https:\/\/mlrdeoj2ejbf.i.optimole.com\/cb:mvHM.4ca\/w:auto\/h:auto\/q:mauto\/f:best\/https:\/\/i0.wp.com\/planetactus.com\/wp-content\/uploads\/2024\/07\/cropped-2-Planet-Actus-Banniere-02a.jpg?fit=1189%2C365&ssl=1"},"sameAs":["http:\/\/planetactus.com","https:\/\/www.facebook.com\/profile.php?id=61561620320740","https:\/\/x.com\/https:\/\/x.com\/PlanetActus","https:\/\/www.youtube.com\/@PlanetActus"]}]}},"jetpack_sharing_enabled":true,"_links":{"self":[{"href":"https:\/\/planetactus.com\/index.php\/wp-json\/wp\/v2\/aiovg_videos\/3740","targetHints":{"allow":["GET"]}}],"collection":[{"href":"https:\/\/planetactus.com\/index.php\/wp-json\/wp\/v2\/aiovg_videos"}],"about":[{"href":"https:\/\/planetactus.com\/index.php\/wp-json\/wp\/v2\/types\/aiovg_videos"}],"author":[{"embeddable":true,"href":"https:\/\/planetactus.com\/index.php\/wp-json\/wp\/v2\/users\/1"}],"replies":[{"embeddable":true,"href":"https:\/\/planetactus.com\/index.php\/wp-json\/wp\/v2\/comments?post=3740"}],"wp:attachment":[{"href":"https:\/\/planetactus.com\/index.php\/wp-json\/wp\/v2\/media?parent=3740"}],"wp:term":[{"taxonomy":"aiovg_categories","embeddable":true,"href":"https:\/\/planetactus.com\/index.php\/wp-json\/wp\/v2\/aiovg_categories?post=3740"},{"taxonomy":"aiovg_tags","embeddable":true,"href":"https:\/\/planetactus.com\/index.php\/wp-json\/wp\/v2\/aiovg_tags?post=3740"}],"curies":[{"name":"wp","href":"https:\/\/api.w.org\/{rel}","templated":true}]}}