{"id":67,"date":"2024-06-01T21:46:40","date_gmt":"2024-06-01T19:46:40","guid":{"rendered":"https:\/\/planetactus.com\/?post_type=aiovg_videos&#038;p=67"},"modified":"2024-06-03T20:18:45","modified_gmt":"2024-06-03T18:18:45","slug":"quelles-sont-les-causes-et-consequences-du-massacre-de-rafah-idriss-aberkane","status":"publish","type":"aiovg_videos","link":"https:\/\/planetactus.com\/index.php\/video\/quelles-sont-les-causes-et-consequences-du-massacre-de-rafah-idriss-aberkane\/","title":{"rendered":"Quelles sont les causes et cons\u00e9quences du Massacre de Rafah ? | Idriss Aberkane"},"content":{"rendered":"<h3 style=\"text-align: center;\"><strong>Quelles sont les causes et cons\u00e9quences du Massacre de Rafah ?<\/strong><\/h3>\n<p>NOTA BENE : cette vid\u00e9o est \u00e9videmment \u00ab\u00a0Shadowbanned\u00a0\u00bb c\u2019est-\u00e0-dire qu\u2019elle n\u2019est pas recommand\u00e9e par youtube et qu\u2019elle ne peut \u00eatre trouv\u00e9e qu\u2019en allant la chercher d\u00e9lib\u00e9r\u00e9ment et directement sur mon profil ce qui en limite significativement les vues.<\/p>\n<p><img data-opt-id=554370932  fetchpriority=\"high\" decoding=\"async\" class=\" aligncenter\" src=\"https:\/\/i.ytimg.com\/vi\/idarStOADxM\/maxresdefault.jpg\" width=\"913\" height=\"514\" \/><\/p>\n<p>Le 27 Mai une frappe isra\u00e9lienne s&rsquo;abattait sur un camp de r\u00e9fugi\u00e9 \u00e0 Rafah, br\u00fblant vifs plus de 40 r\u00e9fugi\u00e9s dont plus de 20 femmes, enfants et vieillards. Alors qu&rsquo;Isra\u00ebl avait d\u00e9j\u00e0 limog\u00e9 les officiers tenus pour responsable du meurtre des membres de l&rsquo;ONG \u00ab\u00a0World Central Kitchen\u00a0\u00bb, le pays annonce l&rsquo;ouverture d&rsquo;une enqu\u00eate et Netanyahou d\u00e9clare qu&rsquo;il s&rsquo;agit d&rsquo;un \u00ab\u00a0regrettable accident\u00a0\u00bb donc en substance de victimes collat\u00e9rales in\u00e9vitables dans cette \u00ab\u00a0guerre contre le Hamas\u00a0\u00bb.<\/p>\n<p>Or si par un r\u00e9flex sociologique compr\u00e9hensible beaucoup de citoyens isra\u00e9liens de l&rsquo;\u00e9tranger peuvent \u00eatre amen\u00e9s \u00e0 croire ce point de vue, la presse isra\u00e9lienne de gauche jusqu&rsquo;au centre-droit (de Haaretz au Jerusalem Post) conteste enti\u00e8rement ce point de vue, et r\u00e9v\u00e8le une diversit\u00e9 d&rsquo;opinion infiniment plus nuanc\u00e9e que celle, monolithique, qui domine l&rsquo;extr\u00eame-occident.<\/p>\n<p>Signe de cette diversit\u00e9, Benny Gantz, conscient de ce que les folies du Likoud m\u00e8nent son pays \u00e0 un impasse catastrophique, a demand\u00e9 la dissolution de la Knesset pour convoquer de nouvelles \u00e9lections g\u00e9n\u00e9rales.<\/p>\n<p>Nous analysons dans cette vid\u00e9o en quoi cette opposition int\u00e9rieure nouvelle du Likoud est une opportunit\u00e9 pour la paix, et en quoi, bien malgr\u00e9 lui, le parti de Netanyahou aura \u00e9t\u00e9 le meilleur promoteur de la solution \u00e0 deux Etats depuis des d\u00e9cennies.<\/p>\n<p>&nbsp;<\/p>\n<div class=\"gsp_post_data\" \r\n\t            data-post_type=\"aiovg_videos\" \r\n\t            data-cat=\"\" \r\n\t            data-modified=\"120\"\r\n\t            data-created=\"1717278400\"\r\n\t            data-title=\"Quelles sont les causes et cons\u00e9quences du Massacre de Rafah ? | Idriss Aberkane\" \r\n\t            data-home=\"https:\/\/planetactus.com\"><\/div>","protected":false},"excerpt":{"rendered":"<p>Quelles sont les causes et cons\u00e9quences du Massacre de Rafah ? NOTA BENE : cette vid\u00e9o est \u00e9videmment \u00ab\u00a0Shadowbanned\u00a0\u00bb c\u2019est-\u00e0-dire qu\u2019elle n\u2019est pas recommand\u00e9e par youtube et qu\u2019elle ne peut \u00eatre trouv\u00e9e qu\u2019en allant la chercher d\u00e9lib\u00e9r\u00e9ment et directement sur mon profil ce qui en limite significativement les vues. Le 27 Mai une frappe isra\u00e9lienne [&hellip;]<\/p>\n","protected":false},"author":1,"comment_status":"open","ping_status":"closed","template":"","aiovg_categories":[9],"aiovg_tags":[],"class_list":["post-67","aiovg_videos","type-aiovg_videos","status-publish","has-post-thumbnail","hentry","aiovg_categories-actualite-du-monde"],"yoast_head":"<!-- This site is optimized with the Yoast SEO plugin v27.5 - https:\/\/yoast.com\/product\/yoast-seo-wordpress\/ -->\n<title>Quelles sont les causes et cons\u00e9quences du Massacre de Rafah ? | Idriss Aberkane -<\/title>\n<meta name=\"robots\" content=\"index, follow, max-snippet:-1, max-image-preview:large, max-video-preview:-1\" \/>\n<link rel=\"canonical\" href=\"https:\/\/planetactus.com\/index.php\/video\/quelles-sont-les-causes-et-consequences-du-massacre-de-rafah-idriss-aberkane\/\" class=\"yoast-seo-meta-tag\" \/>\n<meta property=\"og:locale\" content=\"fr_FR\" class=\"yoast-seo-meta-tag\" \/>\n<meta property=\"og:type\" content=\"article\" class=\"yoast-seo-meta-tag\" \/>\n<meta property=\"og:title\" content=\"Quelles sont les causes et cons\u00e9quences du Massacre de Rafah ? | Idriss Aberkane -\" class=\"yoast-seo-meta-tag\" \/>\n<meta property=\"og:description\" content=\"Quelles sont les causes et cons\u00e9quences du Massacre de Rafah ? NOTA BENE : cette vid\u00e9o est \u00e9videmment \u00ab\u00a0Shadowbanned\u00a0\u00bb c\u2019est-\u00e0-dire qu\u2019elle n\u2019est pas recommand\u00e9e par youtube et qu\u2019elle ne peut \u00eatre trouv\u00e9e qu\u2019en allant la chercher d\u00e9lib\u00e9r\u00e9ment et directement sur mon profil ce qui en limite significativement les vues. Le 27 Mai une frappe isra\u00e9lienne [&hellip;]\" class=\"yoast-seo-meta-tag\" \/>\n<meta property=\"og:url\" content=\"https:\/\/planetactus.com\/index.php\/video\/quelles-sont-les-causes-et-consequences-du-massacre-de-rafah-idriss-aberkane\/\" class=\"yoast-seo-meta-tag\" \/>\n<meta property=\"article:publisher\" content=\"https:\/\/www.facebook.com\/profile.php?id=61561620320740\" class=\"yoast-seo-meta-tag\" \/>\n<meta property=\"article:modified_time\" content=\"2024-06-03T18:18:45+00:00\" class=\"yoast-seo-meta-tag\" \/>\n<meta property=\"og:image\" content=\"https:\/\/i.ytimg.com\/vi\/idarStOADxM\/maxresdefault.jpg\" class=\"yoast-seo-meta-tag\" \/>\n<meta name=\"twitter:card\" content=\"summary_large_image\" class=\"yoast-seo-meta-tag\" \/>\n<meta name=\"twitter:site\" content=\"@PlanetActus\" class=\"yoast-seo-meta-tag\" \/>\n<meta name=\"twitter:label1\" content=\"Dur\u00e9e de lecture estim\u00e9e\" class=\"yoast-seo-meta-tag\" \/>\n\t<meta name=\"twitter:data1\" content=\"2 minutes\" class=\"yoast-seo-meta-tag\" \/>\n<script type=\"application\/ld+json\" class=\"yoast-schema-graph\">{\"@context\":\"https:\\\/\\\/schema.org\",\"@graph\":[{\"@type\":\"WebPage\",\"@id\":\"https:\\\/\\\/planetactus.com\\\/index.php\\\/video\\\/quelles-sont-les-causes-et-consequences-du-massacre-de-rafah-idriss-aberkane\\\/\",\"url\":\"https:\\\/\\\/planetactus.com\\\/index.php\\\/video\\\/quelles-sont-les-causes-et-consequences-du-massacre-de-rafah-idriss-aberkane\\\/\",\"name\":\"Quelles sont les causes et cons\u00e9quences du Massacre de Rafah ? | Idriss Aberkane -\",\"isPartOf\":{\"@id\":\"https:\\\/\\\/planetactus.com\\\/#website\"},\"primaryImageOfPage\":{\"@id\":\"https:\\\/\\\/planetactus.com\\\/index.php\\\/video\\\/quelles-sont-les-causes-et-consequences-du-massacre-de-rafah-idriss-aberkane\\\/#primaryimage\"},\"image\":{\"@id\":\"https:\\\/\\\/planetactus.com\\\/index.php\\\/video\\\/quelles-sont-les-causes-et-consequences-du-massacre-de-rafah-idriss-aberkane\\\/#primaryimage\"},\"thumbnailUrl\":\"https:\\/\\/i.ytimg.com\\/vi\\/idarStOADxM\\/maxresdefault.jpg\",\"datePublished\":\"2024-06-01T19:46:40+00:00\",\"dateModified\":\"2024-06-03T18:18:45+00:00\",\"breadcrumb\":{\"@id\":\"https:\\\/\\\/planetactus.com\\\/index.php\\\/video\\\/quelles-sont-les-causes-et-consequences-du-massacre-de-rafah-idriss-aberkane\\\/#breadcrumb\"},\"inLanguage\":\"fr-FR\",\"potentialAction\":[{\"@type\":\"ReadAction\",\"target\":[\"https:\\\/\\\/planetactus.com\\\/index.php\\\/video\\\/quelles-sont-les-causes-et-consequences-du-massacre-de-rafah-idriss-aberkane\\\/\"]}]},{\"@type\":\"ImageObject\",\"inLanguage\":\"fr-FR\",\"@id\":\"https:\\\/\\\/planetactus.com\\\/index.php\\\/video\\\/quelles-sont-les-causes-et-consequences-du-massacre-de-rafah-idriss-aberkane\\\/#primaryimage\",\"url\":\"https:\\/\\/i.ytimg.com\\/vi\\/idarStOADxM\\/maxresdefault.jpg\",\"contentUrl\":\"https:\\/\\/i.ytimg.com\\/vi\\/idarStOADxM\\/maxresdefault.jpg\"},{\"@type\":\"BreadcrumbList\",\"@id\":\"https:\\\/\\\/planetactus.com\\\/index.php\\\/video\\\/quelles-sont-les-causes-et-consequences-du-massacre-de-rafah-idriss-aberkane\\\/#breadcrumb\",\"itemListElement\":[{\"@type\":\"ListItem\",\"position\":1,\"name\":\"Accueil\",\"item\":\"https:\\\/\\\/planetactus.com\\\/\"},{\"@type\":\"ListItem\",\"position\":2,\"name\":\"Videos\",\"item\":\"https:\\\/\\\/planetactus.com\\\/index.php\\\/video\\\/\"},{\"@type\":\"ListItem\",\"position\":3,\"name\":\"Quelles sont les causes et cons\u00e9quences du Massacre de Rafah ? | Idriss Aberkane\"}]},{\"@type\":\"WebSite\",\"@id\":\"https:\\\/\\\/planetactus.com\\\/#website\",\"url\":\"https:\\\/\\\/planetactus.com\\\/\",\"name\":\"PLANET ACTUS\",\"description\":\"PLANET ACTUS\",\"publisher\":{\"@id\":\"https:\\\/\\\/planetactus.com\\\/#\\\/schema\\\/person\\\/fbb75ac73a2424d2e176d31b021372a4\"},\"potentialAction\":[{\"@type\":\"SearchAction\",\"target\":{\"@type\":\"EntryPoint\",\"urlTemplate\":\"https:\\\/\\\/planetactus.com\\\/?s={search_term_string}\"},\"query-input\":{\"@type\":\"PropertyValueSpecification\",\"valueRequired\":true,\"valueName\":\"search_term_string\"}}],\"inLanguage\":\"fr-FR\"},{\"@type\":[\"Person\",\"Organization\"],\"@id\":\"https:\\\/\\\/planetactus.com\\\/#\\\/schema\\\/person\\\/fbb75ac73a2424d2e176d31b021372a4\",\"name\":\"planetactus.com\",\"image\":{\"@type\":\"ImageObject\",\"inLanguage\":\"fr-FR\",\"@id\":\"https:\\/\\/i0.wp.com\\/planetactus.com\\/wp-content\\/uploads\\/2024\\/07\\/cropped-2-Planet-Actus-Banniere-02a.jpg?fit=1189%2C365&ssl=1\",\"url\":\"https:\\/\\/i0.wp.com\\/planetactus.com\\/wp-content\\/uploads\\/2024\\/07\\/cropped-2-Planet-Actus-Banniere-02a.jpg?fit=1189%2C365&ssl=1\",\"contentUrl\":\"https:\\/\\/i0.wp.com\\/planetactus.com\\/wp-content\\/uploads\\/2024\\/07\\/cropped-2-Planet-Actus-Banniere-02a.jpg?fit=1189%2C365&ssl=1\",\"width\":1189,\"height\":365,\"caption\":\"planetactus.com\"},\"logo\":{\"@id\":\"https:\\/\\/i0.wp.com\\/planetactus.com\\/wp-content\\/uploads\\/2024\\/07\\/cropped-2-Planet-Actus-Banniere-02a.jpg?fit=1189%2C365&ssl=1\"},\"sameAs\":[\"http:\\\/\\\/planetactus.com\",\"https:\\\/\\\/www.facebook.com\\\/profile.php?id=61561620320740\",\"https:\\\/\\\/x.com\\\/https:\\\/\\\/x.com\\\/PlanetActus\",\"https:\\\/\\\/www.youtube.com\\\/@PlanetActus\"]}]}<\/script>\n<!-- \/ Yoast SEO plugin. -->","yoast_head_json":{"title":"Quelles sont les causes et cons\u00e9quences du Massacre de Rafah ? | Idriss Aberkane -","robots":{"index":"index","follow":"follow","max-snippet":"max-snippet:-1","max-image-preview":"max-image-preview:large","max-video-preview":"max-video-preview:-1"},"canonical":"https:\/\/planetactus.com\/index.php\/video\/quelles-sont-les-causes-et-consequences-du-massacre-de-rafah-idriss-aberkane\/","og_locale":"fr_FR","og_type":"article","og_title":"Quelles sont les causes et cons\u00e9quences du Massacre de Rafah ? | Idriss Aberkane -","og_description":"Quelles sont les causes et cons\u00e9quences du Massacre de Rafah ? NOTA BENE : cette vid\u00e9o est \u00e9videmment \u00ab\u00a0Shadowbanned\u00a0\u00bb c\u2019est-\u00e0-dire qu\u2019elle n\u2019est pas recommand\u00e9e par youtube et qu\u2019elle ne peut \u00eatre trouv\u00e9e qu\u2019en allant la chercher d\u00e9lib\u00e9r\u00e9ment et directement sur mon profil ce qui en limite significativement les vues. Le 27 Mai une frappe isra\u00e9lienne [&hellip;]","og_url":"https:\/\/planetactus.com\/index.php\/video\/quelles-sont-les-causes-et-consequences-du-massacre-de-rafah-idriss-aberkane\/","article_publisher":"https:\/\/www.facebook.com\/profile.php?id=61561620320740","article_modified_time":"2024-06-03T18:18:45+00:00","og_image":[{"url":"https:\/\/i.ytimg.com\/vi\/idarStOADxM\/maxresdefault.jpg","type":"","width":"","height":""}],"twitter_card":"summary_large_image","twitter_site":"@PlanetActus","twitter_misc":{"Dur\u00e9e de lecture estim\u00e9e":"2 minutes"},"schema":{"@context":"https:\/\/schema.org","@graph":[{"@type":"WebPage","@id":"https:\/\/planetactus.com\/index.php\/video\/quelles-sont-les-causes-et-consequences-du-massacre-de-rafah-idriss-aberkane\/","url":"https:\/\/planetactus.com\/index.php\/video\/quelles-sont-les-causes-et-consequences-du-massacre-de-rafah-idriss-aberkane\/","name":"Quelles sont les causes et cons\u00e9quences du Massacre de Rafah ? | Idriss Aberkane -","isPartOf":{"@id":"https:\/\/planetactus.com\/#website"},"primaryImageOfPage":{"@id":"https:\/\/planetactus.com\/index.php\/video\/quelles-sont-les-causes-et-consequences-du-massacre-de-rafah-idriss-aberkane\/#primaryimage"},"image":{"@id":"https:\/\/planetactus.com\/index.php\/video\/quelles-sont-les-causes-et-consequences-du-massacre-de-rafah-idriss-aberkane\/#primaryimage"},"thumbnailUrl":"https:\/\/i.ytimg.com\/vi\/idarStOADxM\/maxresdefault.jpg","datePublished":"2024-06-01T19:46:40+00:00","dateModified":"2024-06-03T18:18:45+00:00","breadcrumb":{"@id":"https:\/\/planetactus.com\/index.php\/video\/quelles-sont-les-causes-et-consequences-du-massacre-de-rafah-idriss-aberkane\/#breadcrumb"},"inLanguage":"fr-FR","potentialAction":[{"@type":"ReadAction","target":["https:\/\/planetactus.com\/index.php\/video\/quelles-sont-les-causes-et-consequences-du-massacre-de-rafah-idriss-aberkane\/"]}]},{"@type":"ImageObject","inLanguage":"fr-FR","@id":"https:\/\/planetactus.com\/index.php\/video\/quelles-sont-les-causes-et-consequences-du-massacre-de-rafah-idriss-aberkane\/#primaryimage","url":"https:\/\/i.ytimg.com\/vi\/idarStOADxM\/maxresdefault.jpg","contentUrl":"https:\/\/i.ytimg.com\/vi\/idarStOADxM\/maxresdefault.jpg"},{"@type":"BreadcrumbList","@id":"https:\/\/planetactus.com\/index.php\/video\/quelles-sont-les-causes-et-consequences-du-massacre-de-rafah-idriss-aberkane\/#breadcrumb","itemListElement":[{"@type":"ListItem","position":1,"name":"Accueil","item":"https:\/\/planetactus.com\/"},{"@type":"ListItem","position":2,"name":"Videos","item":"https:\/\/planetactus.com\/index.php\/video\/"},{"@type":"ListItem","position":3,"name":"Quelles sont les causes et cons\u00e9quences du Massacre de Rafah ? | Idriss Aberkane"}]},{"@type":"WebSite","@id":"https:\/\/planetactus.com\/#website","url":"https:\/\/planetactus.com\/","name":"PLANET ACTUS","description":"PLANET ACTUS","publisher":{"@id":"https:\/\/planetactus.com\/#\/schema\/person\/fbb75ac73a2424d2e176d31b021372a4"},"potentialAction":[{"@type":"SearchAction","target":{"@type":"EntryPoint","urlTemplate":"https:\/\/planetactus.com\/?s={search_term_string}"},"query-input":{"@type":"PropertyValueSpecification","valueRequired":true,"valueName":"search_term_string"}}],"inLanguage":"fr-FR"},{"@type":["Person","Organization"],"@id":"https:\/\/planetactus.com\/#\/schema\/person\/fbb75ac73a2424d2e176d31b021372a4","name":"planetactus.com","image":{"@type":"ImageObject","inLanguage":"fr-FR","@id":"https:\/\/mlrdeoj2ejbf.i.optimole.com\/cb:mvHM.4ca\/w:auto\/h:auto\/q:mauto\/f:best\/https:\/\/i0.wp.com\/planetactus.com\/wp-content\/uploads\/2024\/07\/cropped-2-Planet-Actus-Banniere-02a.jpg?fit=1189%2C365&ssl=1","url":"https:\/\/mlrdeoj2ejbf.i.optimole.com\/cb:mvHM.4ca\/w:auto\/h:auto\/q:mauto\/f:best\/https:\/\/i0.wp.com\/planetactus.com\/wp-content\/uploads\/2024\/07\/cropped-2-Planet-Actus-Banniere-02a.jpg?fit=1189%2C365&ssl=1","contentUrl":"https:\/\/mlrdeoj2ejbf.i.optimole.com\/cb:mvHM.4ca\/w:auto\/h:auto\/q:mauto\/f:best\/https:\/\/i0.wp.com\/planetactus.com\/wp-content\/uploads\/2024\/07\/cropped-2-Planet-Actus-Banniere-02a.jpg?fit=1189%2C365&ssl=1","width":1189,"height":365,"caption":"planetactus.com"},"logo":{"@id":"https:\/\/mlrdeoj2ejbf.i.optimole.com\/cb:mvHM.4ca\/w:auto\/h:auto\/q:mauto\/f:best\/https:\/\/i0.wp.com\/planetactus.com\/wp-content\/uploads\/2024\/07\/cropped-2-Planet-Actus-Banniere-02a.jpg?fit=1189%2C365&ssl=1"},"sameAs":["http:\/\/planetactus.com","https:\/\/www.facebook.com\/profile.php?id=61561620320740","https:\/\/x.com\/https:\/\/x.com\/PlanetActus","https:\/\/www.youtube.com\/@PlanetActus"]}]}},"jetpack_sharing_enabled":true,"_links":{"self":[{"href":"https:\/\/planetactus.com\/index.php\/wp-json\/wp\/v2\/aiovg_videos\/67","targetHints":{"allow":["GET"]}}],"collection":[{"href":"https:\/\/planetactus.com\/index.php\/wp-json\/wp\/v2\/aiovg_videos"}],"about":[{"href":"https:\/\/planetactus.com\/index.php\/wp-json\/wp\/v2\/types\/aiovg_videos"}],"author":[{"embeddable":true,"href":"https:\/\/planetactus.com\/index.php\/wp-json\/wp\/v2\/users\/1"}],"replies":[{"embeddable":true,"href":"https:\/\/planetactus.com\/index.php\/wp-json\/wp\/v2\/comments?post=67"}],"wp:attachment":[{"href":"https:\/\/planetactus.com\/index.php\/wp-json\/wp\/v2\/media?parent=67"}],"wp:term":[{"taxonomy":"aiovg_categories","embeddable":true,"href":"https:\/\/planetactus.com\/index.php\/wp-json\/wp\/v2\/aiovg_categories?post=67"},{"taxonomy":"aiovg_tags","embeddable":true,"href":"https:\/\/planetactus.com\/index.php\/wp-json\/wp\/v2\/aiovg_tags?post=67"}],"curies":[{"name":"wp","href":"https:\/\/api.w.org\/{rel}","templated":true}]}}